{"id":670,"date":"2018-10-19T13:26:25","date_gmt":"2018-10-19T11:26:25","guid":{"rendered":"http:\/\/etreshumainsprofessionnels.fr\/?page_id=670"},"modified":"2023-12-05T12:24:46","modified_gmt":"2023-12-05T11:24:46","slug":"que-chante-la-nature","status":"publish","type":"page","link":"https:\/\/etreshumainsprofessionnels.fr\/index.php\/que-chante-la-nature\/","title":{"rendered":"Que chante la nature ?"},"content":{"rendered":"\t\t<div data-elementor-type=\"wp-post\" data-elementor-id=\"670\" class=\"elementor elementor-670\">\n\t\t\t\t\t\t<section class=\"elementor-section elementor-top-section elementor-element elementor-element-c9fcdff elementor-section-boxed elementor-section-height-default elementor-section-height-default\" data-id=\"c9fcdff\" data-element_type=\"section\">\n\t\t\t\t\t\t<div class=\"elementor-container elementor-column-gap-default\">\n\t\t\t\t\t<div class=\"elementor-column elementor-col-100 elementor-top-column elementor-element elementor-element-2954432\" data-id=\"2954432\" data-element_type=\"column\">\n\t\t\t<div class=\"elementor-widget-wrap elementor-element-populated\">\n\t\t\t\t\t\t<div class=\"elementor-element elementor-element-5726f30 elementor-widget elementor-widget-spacer\" data-id=\"5726f30\" data-element_type=\"widget\" data-widget_type=\"spacer.default\">\n\t\t\t\t<div class=\"elementor-widget-container\">\n\t\t\t\t\t<div class=\"elementor-spacer\">\n\t\t\t<div class=\"elementor-spacer-inner\"><\/div>\n\t\t<\/div>\n\t\t\t\t<\/div>\n\t\t\t\t<\/div>\n\t\t\t\t\t<\/div>\n\t\t<\/div>\n\t\t\t\t\t<\/div>\n\t\t<\/section>\n\t\t\t\t<section class=\"elementor-section elementor-top-section elementor-element elementor-element-ab0523a elementor-section-boxed elementor-section-height-default elementor-section-height-default\" data-id=\"ab0523a\" data-element_type=\"section\">\n\t\t\t\t\t\t<div class=\"elementor-container elementor-column-gap-default\">\n\t\t\t\t\t<div class=\"elementor-column elementor-col-50 elementor-top-column elementor-element elementor-element-d9ea00c\" data-id=\"d9ea00c\" data-element_type=\"column\" data-settings=\"{&quot;background_background&quot;:&quot;classic&quot;}\">\n\t\t\t<div class=\"elementor-widget-wrap elementor-element-populated\">\n\t\t\t\t\t\t<div class=\"elementor-element elementor-element-8e15683 elementor-widget__width-initial elementor-widget elementor-widget-heading\" data-id=\"8e15683\" data-element_type=\"widget\" data-widget_type=\"heading.default\">\n\t\t\t\t<div class=\"elementor-widget-container\">\n\t\t\t<h2 class=\"elementor-heading-title elementor-size-large\">Que chante la nature ?<\/h2>\t\t<\/div>\n\t\t\t\t<\/div>\n\t\t\t\t\t<\/div>\n\t\t<\/div>\n\t\t\t\t<div class=\"elementor-column elementor-col-50 elementor-top-column elementor-element elementor-element-6a480fd\" data-id=\"6a480fd\" data-element_type=\"column\">\n\t\t\t<div class=\"elementor-widget-wrap elementor-element-populated\">\n\t\t\t\t\t\t<div class=\"elementor-element elementor-element-b1fd639 elementor-widget elementor-widget-text-editor\" data-id=\"b1fd639\" data-element_type=\"widget\" data-widget_type=\"text-editor.default\">\n\t\t\t\t<div class=\"elementor-widget-container\">\n\t\t\t\t\t\t\t<p>\u00c0 chaque ann\u00e9e son sujet : <a href=\"https:\/\/etreshumainsprofessionnels.fr\/index.php\/2020\/04\/20\/aimer-la-mer\/\">la mer<\/a> (2018-2019), <a href=\"https:\/\/etreshumainsprofessionnels.fr\/index.php\/2020\/04\/21\/loup-es-tu\/\">le loup<\/a> (2019-2020), <a href=\"https:\/\/etreshumainsprofessionnels.fr\/index.php\/2021\/06\/08\/vers-vous-les-etoiles\/\">les \u00e9toiles <\/a>(2020-2021), les animaux volants (2021-2022), le vent (2022-2023).<\/p><p>C&#8217;est l&#8217;histoire d&#8217;un atelier de lecture \u00e0 voix haute r\u00e9alis\u00e9 avec les enfants du quartier : Marcel Proust, Claudine Gal\u00e9a, Arthur Rimbaud, Marguerite Duras&#8230; des grandes litt\u00e9ratures et d&#8217;autres pratiques culturelles en lien avec le sujet : cuisine, dessin, peinture, marionnette, r\u00e9cit de vie, enregistrement&#8230;<\/p><p>Depuis peu, des adultes se joignent \u00e0 nous.<\/p>\t\t\t\t\t\t<\/div>\n\t\t\t\t<\/div>\n\t\t\t\t\t<\/div>\n\t\t<\/div>\n\t\t\t\t\t<\/div>\n\t\t<\/section>\n\t\t\t\t<section class=\"elementor-section elementor-top-section elementor-element elementor-element-c19ff80 elementor-section-boxed elementor-section-height-default elementor-section-height-default\" data-id=\"c19ff80\" data-element_type=\"section\">\n\t\t\t\t\t\t<div class=\"elementor-container elementor-column-gap-default\">\n\t\t\t\t\t<div class=\"elementor-column elementor-col-100 elementor-top-column elementor-element elementor-element-7b504ab\" data-id=\"7b504ab\" data-element_type=\"column\" data-settings=\"{&quot;background_background&quot;:&quot;classic&quot;}\">\n\t\t\t<div class=\"elementor-widget-wrap elementor-element-populated\">\n\t\t\t\t\t\t<div class=\"elementor-element elementor-element-abe5507 elementor-grid-eael-col-4 elementor-grid-tablet-eael-col-2 elementor-grid-mobile-eael-col-1 elementor-widget elementor-widget-eael-post-grid\" data-id=\"abe5507\" data-element_type=\"widget\" data-settings=\"{&quot;eael_post_grid_columns&quot;:&quot;eael-col-4&quot;,&quot;eael_post_grid_columns_tablet&quot;:&quot;eael-col-2&quot;,&quot;eael_post_grid_columns_mobile&quot;:&quot;eael-col-1&quot;}\" data-widget_type=\"eael-post-grid.default\">\n\t\t\t\t<div class=\"elementor-widget-container\">\n\t\t\t<div id=\"eael-post-grid-abe5507\" class=\"eael-post-grid-container\">\n            <div class=\"eael-post-grid eael-post-appender eael-post-appender-abe5507 eael-post-grid-style-one\" data-layout-mode=\"masonry\"><article class=\"eael-grid-post eael-post-grid-column\" data-id=\"2550\">\n        <div class=\"eael-grid-post-holder\">\n            <div class=\"eael-grid-post-holder-inner\"><div class=\"eael-entry-media\"><div class=\"eael-entry-overlay fade-in\"><i class=\"fas fa-long-arrow-alt-right\" aria-hidden=\"true\"><\/i><a href=\"https:\/\/etreshumainsprofessionnels.fr\/index.php\/2021\/06\/08\/vers-vous-les-etoiles\/\"><\/a><\/div><div class=\"eael-entry-thumbnail eael-image-ratio\">\n                <img fetchpriority=\"high\" decoding=\"async\" width=\"300\" height=\"169\" src=\"https:\/\/etreshumainsprofessionnels.fr\/wp-content\/uploads\/2023\/06\/trounoir-300x169.jpg\" class=\"attachment-medium size-medium wp-image-2551\" alt=\"\" srcset=\"https:\/\/etreshumainsprofessionnels.fr\/wp-content\/uploads\/2023\/06\/trounoir-300x169.jpg 300w, https:\/\/etreshumainsprofessionnels.fr\/wp-content\/uploads\/2023\/06\/trounoir.jpg 480w\" sizes=\"(max-width: 300px) 100vw, 300px\" \/>\n            <\/div>\n        <\/div><div class=\"eael-entry-wrapper\"><header class=\"eael-entry-header\"><h5 class=\"eael-entry-title\"><a class=\"eael-grid-post-link\" href=\"https:\/\/etreshumainsprofessionnels.fr\/index.php\/2021\/06\/08\/vers-vous-les-etoiles\/\" title=\"Vers vous les \u00e9toiles\">Vers vous les \u00e9toiles<\/a><\/h5><\/header><div class=\"eael-entry-content\">\n                        <div class=\"eael-grid-post-excerpt\"><p>Vers vous les \u00e9toiles Notre objectif, pour chacun des ateliers que nous imaginons, est d\u2019encourager le public a\u0300 utiliser les me\u0302mes vecteurs que les artistes...<\/p><a href=\"https:\/\/etreshumainsprofessionnels.fr\/index.php\/2021\/06\/08\/vers-vous-les-etoiles\/\" class=\"eael-post-elements-readmore-btn\">\/\/\/ Lire<\/a><\/div>\n                    <\/div><div class=\"eael-entry-footer\"><div class=\"eael-entry-meta\"><span class=\"eael-posted-on\"><time datetime=\"8 June 2021\">8 June 2021<\/time><\/span><\/div><\/div><\/div><\/div>\n        <\/div>\n    <\/article><article class=\"eael-grid-post eael-post-grid-column\" data-id=\"922\">\n        <div class=\"eael-grid-post-holder\">\n            <div class=\"eael-grid-post-holder-inner\"><div class=\"eael-entry-media\"><div class=\"eael-entry-overlay fade-in\"><i class=\"fas fa-long-arrow-alt-right\" aria-hidden=\"true\"><\/i><a href=\"https:\/\/etreshumainsprofessionnels.fr\/index.php\/2020\/04\/21\/loup-es-tu\/\"><\/a><\/div><div class=\"eael-entry-thumbnail eael-image-ratio\">\n                <img decoding=\"async\" width=\"300\" height=\"179\" src=\"https:\/\/etreshumainsprofessionnels.fr\/wp-content\/uploads\/2020\/04\/loup-300x179.jpg\" class=\"attachment-medium size-medium wp-image-2168\" alt=\"\" srcset=\"https:\/\/etreshumainsprofessionnels.fr\/wp-content\/uploads\/2020\/04\/loup-300x179.jpg 300w, https:\/\/etreshumainsprofessionnels.fr\/wp-content\/uploads\/2020\/04\/loup-1024x613.jpg 1024w, https:\/\/etreshumainsprofessionnels.fr\/wp-content\/uploads\/2020\/04\/loup-768x459.jpg 768w, https:\/\/etreshumainsprofessionnels.fr\/wp-content\/uploads\/2020\/04\/loup.jpg 1140w\" sizes=\"(max-width: 300px) 100vw, 300px\" \/>\n            <\/div>\n        <\/div><div class=\"eael-entry-wrapper\"><header class=\"eael-entry-header\"><h5 class=\"eael-entry-title\"><a class=\"eael-grid-post-link\" href=\"https:\/\/etreshumainsprofessionnels.fr\/index.php\/2020\/04\/21\/loup-es-tu\/\" title=\"Loup es tu\">Loup es tu<\/a><\/h5><\/header><div class=\"eael-entry-content\">\n                        <div class=\"eael-grid-post-excerpt\"><p>Sais-tu ce que c'est, un loup? En as-tu rencontr\u00e9? Sais-tu qu'avant, il y a longtemps, il y avait des loups dans Paris? Qu'est-ce qu'un loup,...<\/p><a href=\"https:\/\/etreshumainsprofessionnels.fr\/index.php\/2020\/04\/21\/loup-es-tu\/\" class=\"eael-post-elements-readmore-btn\">\/\/\/ Lire<\/a><\/div>\n                    <\/div><div class=\"eael-entry-footer\"><div class=\"eael-entry-meta\"><span class=\"eael-posted-on\"><time datetime=\"21 April 2020\">21 April 2020<\/time><\/span><\/div><\/div><\/div><\/div>\n        <\/div>\n    <\/article><article class=\"eael-grid-post eael-post-grid-column\" data-id=\"859\">\n        <div class=\"eael-grid-post-holder\">\n            <div class=\"eael-grid-post-holder-inner\"><div class=\"eael-entry-media\"><ul class=\"post-carousel-categories\"><li><a href=\"https:\/\/etreshumainsprofessionnels.fr\/index.php\/tag\/aimerlamer\/\">aimerlamer<\/a><\/li><\/ul><div class=\"eael-entry-overlay fade-in\"><i class=\"fas fa-long-arrow-alt-right\" aria-hidden=\"true\"><\/i><a href=\"https:\/\/etreshumainsprofessionnels.fr\/index.php\/2020\/04\/20\/aimer-la-mer\/\"><\/a><\/div><div class=\"eael-entry-thumbnail eael-image-ratio\">\n                <img decoding=\"async\" width=\"300\" height=\"300\" src=\"https:\/\/etreshumainsprofessionnels.fr\/wp-content\/uploads\/2018\/09\/lechelledepippo2-300x300.jpg\" class=\"attachment-medium size-medium wp-image-592\" alt=\"\" srcset=\"https:\/\/etreshumainsprofessionnels.fr\/wp-content\/uploads\/2018\/09\/lechelledepippo2-300x300.jpg 300w, https:\/\/etreshumainsprofessionnels.fr\/wp-content\/uploads\/2018\/09\/lechelledepippo2-150x150.jpg 150w, https:\/\/etreshumainsprofessionnels.fr\/wp-content\/uploads\/2018\/09\/lechelledepippo2-768x770.jpg 768w, https:\/\/etreshumainsprofessionnels.fr\/wp-content\/uploads\/2018\/09\/lechelledepippo2-1021x1024.jpg 1021w, https:\/\/etreshumainsprofessionnels.fr\/wp-content\/uploads\/2018\/09\/lechelledepippo2-1080x1083.jpg 1080w\" sizes=\"(max-width: 300px) 100vw, 300px\" \/>\n            <\/div>\n        <\/div><div class=\"eael-entry-wrapper\"><header class=\"eael-entry-header\"><h5 class=\"eael-entry-title\"><a class=\"eael-grid-post-link\" href=\"https:\/\/etreshumainsprofessionnels.fr\/index.php\/2020\/04\/20\/aimer-la-mer\/\" title=\"Aimer la mer\">Aimer la mer<\/a><\/h5><\/header><div class=\"eael-entry-content\">\n                        <div class=\"eael-grid-post-excerpt\"><p>Cet atelier propose aux enfants et aux adultes de lire \u00e0 voix haute des textes et de chanter des chansons sur le th\u00e8me de la...<\/p><a href=\"https:\/\/etreshumainsprofessionnels.fr\/index.php\/2020\/04\/20\/aimer-la-mer\/\" class=\"eael-post-elements-readmore-btn\">\/\/\/ Lire<\/a><\/div>\n                    <\/div><div class=\"eael-entry-footer\"><div class=\"eael-entry-meta\"><span class=\"eael-posted-on\"><time datetime=\"20 April 2020\">20 April 2020<\/time><\/span><\/div><\/div><\/div><\/div>\n        <\/div>\n    <\/article><\/div>\n            <div class=\"clearfix\"><\/div>\n        <\/div>\t\t<\/div>\n\t\t\t\t<\/div>\n\t\t\t\t\t<\/div>\n\t\t<\/div>\n\t\t\t\t\t<\/div>\n\t\t<\/section>\n\t\t\t\t<section class=\"elementor-section elementor-top-section elementor-element elementor-element-767ed42 elementor-section-boxed elementor-section-height-default elementor-section-height-default\" data-id=\"767ed42\" data-element_type=\"section\">\n\t\t\t\t\t\t<div class=\"elementor-container elementor-column-gap-default\">\n\t\t\t\t\t<div class=\"elementor-column elementor-col-100 elementor-top-column elementor-element elementor-element-bba36fe\" data-id=\"bba36fe\" data-element_type=\"column\">\n\t\t\t<div class=\"elementor-widget-wrap elementor-element-populated\">\n\t\t\t\t\t\t<div class=\"elementor-element elementor-element-8f1e620 elementor-widget elementor-widget-spacer\" data-id=\"8f1e620\" data-element_type=\"widget\" data-widget_type=\"spacer.default\">\n\t\t\t\t<div class=\"elementor-widget-container\">\n\t\t\t\t\t<div class=\"elementor-spacer\">\n\t\t\t<div class=\"elementor-spacer-inner\"><\/div>\n\t\t<\/div>\n\t\t\t\t<\/div>\n\t\t\t\t<\/div>\n\t\t\t\t\t<\/div>\n\t\t<\/div>\n\t\t\t\t\t<\/div>\n\t\t<\/section>\n\t\t\t\t<section class=\"elementor-section elementor-top-section elementor-element elementor-element-c82ad4e elementor-section-boxed elementor-section-height-default elementor-section-height-default\" data-id=\"c82ad4e\" data-element_type=\"section\">\n\t\t\t\t\t\t<div class=\"elementor-container elementor-column-gap-default\">\n\t\t\t\t\t<div class=\"elementor-column elementor-col-66 elementor-top-column elementor-element elementor-element-978c02c\" data-id=\"978c02c\" data-element_type=\"column\">\n\t\t\t<div class=\"elementor-widget-wrap elementor-element-populated\">\n\t\t\t\t\t\t<div class=\"elementor-element elementor-element-f633cc7 elementor-widget__width-initial elementor-widget elementor-widget-text-editor\" data-id=\"f633cc7\" data-element_type=\"widget\" data-widget_type=\"text-editor.default\">\n\t\t\t\t<div class=\"elementor-widget-container\">\n\t\t\t\t\t\t\t<p>Pour construire le th\u00e8me sur la nature, que nous avons intitul\u00e9 <em>Que chante la nature<\/em>, nous avons e\u0301coute\u0301 le chant des astres, des oiseaux et des baleines, lu des e\u0301crits de scientifiques, rassemble\u0301 des documentations tre\u0300s diverses.<br \/>Voici un extrait de nos pens\u00e9es associatives qui valent tout autant qu&#8217;une mise en forme sc\u00e9nique.<\/p>\t\t\t\t\t\t<\/div>\n\t\t\t\t<\/div>\n\t\t\t\t\t<\/div>\n\t\t<\/div>\n\t\t\t\t<div class=\"elementor-column elementor-col-33 elementor-top-column elementor-element elementor-element-9ae236b\" data-id=\"9ae236b\" data-element_type=\"column\">\n\t\t\t<div class=\"elementor-widget-wrap\">\n\t\t\t\t\t\t\t<\/div>\n\t\t<\/div>\n\t\t\t\t\t<\/div>\n\t\t<\/section>\n\t\t\t\t<section class=\"elementor-section elementor-top-section elementor-element elementor-element-da09edd elementor-section-boxed elementor-section-height-default elementor-section-height-default\" data-id=\"da09edd\" data-element_type=\"section\">\n\t\t\t\t\t\t<div class=\"elementor-container elementor-column-gap-default\">\n\t\t\t\t\t<div class=\"elementor-column elementor-col-25 elementor-top-column elementor-element elementor-element-e70393a\" data-id=\"e70393a\" data-element_type=\"column\">\n\t\t\t<div class=\"elementor-widget-wrap elementor-element-populated\">\n\t\t\t\t\t\t<div class=\"elementor-element elementor-element-bb9f611 elementor-widget elementor-widget-text-editor\" data-id=\"bb9f611\" data-element_type=\"widget\" data-widget_type=\"text-editor.default\">\n\t\t\t\t<div class=\"elementor-widget-container\">\n\t\t\t\t\t\t\t<div dir=\"auto\">J&#8217;ai \u00e9cout\u00e9 \u00e7a l&#8217;autre jour sur France Culture : <a href=\"https:\/\/www.franceculture.fr\/emissions\/la-conversation-scientifique\/lunivers-est-il-orchestre\">l<strong>a mise en musique des mouvements de l&#8217;univers<\/strong><\/a><\/div><div dir=\"auto\">\u00a0<\/div><div>Jean-Philippe Uzan travaille \u00e0 mettre en musique les mouvements de l\u2019Univers avec le compositeur Fabien Waksman. Il relie ainsi math\u00e9matiques, astronomie et musique dans une m\u00eame notion d&#8217;harmonie.<\/div>\t\t\t\t\t\t<\/div>\n\t\t\t\t<\/div>\n\t\t\t\t\t<\/div>\n\t\t<\/div>\n\t\t\t\t<div class=\"elementor-column elementor-col-25 elementor-top-column elementor-element elementor-element-8361ce7\" data-id=\"8361ce7\" data-element_type=\"column\" data-settings=\"{&quot;background_background&quot;:&quot;classic&quot;}\">\n\t\t\t<div class=\"elementor-widget-wrap elementor-element-populated\">\n\t\t\t\t\t\t\t<\/div>\n\t\t<\/div>\n\t\t\t\t<div class=\"elementor-column elementor-col-25 elementor-top-column elementor-element elementor-element-86315f1\" data-id=\"86315f1\" data-element_type=\"column\">\n\t\t\t<div class=\"elementor-widget-wrap elementor-element-populated\">\n\t\t\t\t\t\t<div class=\"elementor-element elementor-element-5be9956 elementor-widget elementor-widget-text-editor\" data-id=\"5be9956\" data-element_type=\"widget\" data-widget_type=\"text-editor.default\">\n\t\t\t\t<div class=\"elementor-widget-container\">\n\t\t\t\t\t\t\t<div><img loading=\"lazy\" decoding=\"async\" class=\"alignnone size-medium wp-image-680\" src=\"http:\/\/etreshumainsprofessionnels.fr\/wp-content\/uploads\/2018\/10\/JEF-klak-300x91.jpg\" alt=\"\" width=\"300\" height=\"91\" srcset=\"https:\/\/etreshumainsprofessionnels.fr\/wp-content\/uploads\/2018\/10\/JEF-klak-300x91.jpg 300w, https:\/\/etreshumainsprofessionnels.fr\/wp-content\/uploads\/2018\/10\/JEF-klak.jpg 674w\" sizes=\"(max-width: 300px) 100vw, 300px\" \/>Dans la revue Jef Klak, y&#8217;a un num\u00e9ro qui se nomme &#8220;Selle de ch&#8217;val&#8221;. Dans ce num\u00e9ro, le &#8220;groupit\u00e9 son&#8221; a produit une cr\u00e9ation qui s&#8217;intitule &#8220;Pour qui chante le coq ?&#8221;.<\/div><div>Vous pouvez \u00e9couter par l\u00e0 :\u00a0<a href=\"http:\/\/jefklak.org\/?page_id=3174\">http:\/\/jefklak.org\/?page_id=3174<\/a><\/div>\t\t\t\t\t\t<\/div>\n\t\t\t\t<\/div>\n\t\t\t\t\t<\/div>\n\t\t<\/div>\n\t\t\t\t<div class=\"elementor-column elementor-col-25 elementor-top-column elementor-element elementor-element-832bb13\" data-id=\"832bb13\" data-element_type=\"column\">\n\t\t\t<div class=\"elementor-widget-wrap elementor-element-populated\">\n\t\t\t\t\t\t<div class=\"elementor-element elementor-element-8953dc6 elementor-widget elementor-widget-text-editor\" data-id=\"8953dc6\" data-element_type=\"widget\" data-widget_type=\"text-editor.default\">\n\t\t\t\t<div class=\"elementor-widget-container\">\n\t\t\t\t\t\t\t<div>Toujours dans le m\u00eame num\u00e9ro de Jef Klak, y&#8217;a une biologiste qui parle des acariens.\u00a0 les acariens sont omnivores. Ils mangent les restes de pains au chocolat, nos peaux mortes.<\/div><div>Et un article sur la zoophilie.<\/div><div>Et aussi des Punks et de leurs chiens&#8230;<\/div>\t\t\t\t\t\t<\/div>\n\t\t\t\t<\/div>\n\t\t\t\t\t<\/div>\n\t\t<\/div>\n\t\t\t\t\t<\/div>\n\t\t<\/section>\n\t\t\t\t<section class=\"elementor-section elementor-top-section elementor-element elementor-element-2934db1 elementor-section-boxed elementor-section-height-default elementor-section-height-default\" data-id=\"2934db1\" data-element_type=\"section\">\n\t\t\t\t\t\t<div class=\"elementor-container elementor-column-gap-default\">\n\t\t\t\t\t<div class=\"elementor-column elementor-col-25 elementor-top-column elementor-element elementor-element-393cc44\" data-id=\"393cc44\" data-element_type=\"column\">\n\t\t\t<div class=\"elementor-widget-wrap elementor-element-populated\">\n\t\t\t\t\t\t<div class=\"elementor-element elementor-element-45bd1dd elementor-widget elementor-widget-text-editor\" data-id=\"45bd1dd\" data-element_type=\"widget\" data-widget_type=\"text-editor.default\">\n\t\t\t\t<div class=\"elementor-widget-container\">\n\t\t\t\t\t\t\t<p><strong><em>La mer<\/em>, de Jules Michelet<\/strong><\/p><p>\u00ab Grande, tr\u00e8s grande diff\u00e9rence entre les deux \u00e9l\u00e9ments : la terre est muette, et l&#8217;Oc\u00e9an parle. L&#8217;Oc\u00e9an est une voix. Il parle aux astres lointains. Il parle \u00e0 la terre, au rivage, dialogue avec leurs \u00e9chos ; plaintif, mena\u00e7ant tour \u00e0 tour, il gronde ou soupire. Il s&#8217;adresse \u00e0 l&#8217;homme surtout. Comme il est le creuset f\u00e9cond o\u00f9 la cr\u00e9ation commen\u00e7a et continue dans sa puissance, il en a la vivante \u00e9loquence ; c&#8217;est la vie qui parle \u00e0 la vie. Les \u00eatres qui, par millions, milliards, naissent de lui, ce sont ses paroles. La mer de lait dont ils sortent, avant m\u00eame de s&#8217;organiser, blanche, \u00e9cumante, elle parle. Tout cela ensemble, m\u00eal\u00e9, c&#8217;est la grande voix de l&#8217;Oc\u00e9an. \u00bb<\/p>\t\t\t\t\t\t<\/div>\n\t\t\t\t<\/div>\n\t\t\t\t\t<\/div>\n\t\t<\/div>\n\t\t\t\t<div class=\"elementor-column elementor-col-25 elementor-top-column elementor-element elementor-element-6d44b81\" data-id=\"6d44b81\" data-element_type=\"column\">\n\t\t\t<div class=\"elementor-widget-wrap elementor-element-populated\">\n\t\t\t\t\t\t<div class=\"elementor-element elementor-element-9f811f2 elementor-widget elementor-widget-text-editor\" data-id=\"9f811f2\" data-element_type=\"widget\" data-widget_type=\"text-editor.default\">\n\t\t\t\t<div class=\"elementor-widget-container\">\n\t\t\t\t\t\t\t<p>Je suis tomb\u00e9 sur ce truc l&#8217;autre jour :<\/p><p class=\"entry-title cb-entry-title cb-single-title\"><strong><a href=\"http:\/\/trustmyscience.com\/tableau-periodique-revele-les-origines-de-chaque-atome-present-dans-notre-corps\/\">les origines de chaque atome pr\u00e9sent dans notre corps<\/a><\/strong><\/p><p>Pour visualiser l\u2019origine des ingr\u00e9dients composant chaque \u00eatre vivant, Jennifer A. Johnson, une astronome de l\u2019Universit\u00e9 de l\u2019Ohio, a \u00e9tabli un tableau p\u00e9riodique qui d\u00e9compose tous les \u00e9l\u00e9ments selon leur origine. Certains atomes proviennent du Big Bang, d&#8217;autres d&#8217;un fusion d&#8217;\u00e9toiles \u00e0 neutrons, d&#8217;autres encore d&#8217;une mort d&#8217;\u00e9toile \u00e0 neutrons.<\/p>\t\t\t\t\t\t<\/div>\n\t\t\t\t<\/div>\n\t\t\t\t\t<\/div>\n\t\t<\/div>\n\t\t\t\t<div class=\"elementor-column elementor-col-25 elementor-top-column elementor-element elementor-element-1e6b731\" data-id=\"1e6b731\" data-element_type=\"column\">\n\t\t\t<div class=\"elementor-widget-wrap elementor-element-populated\">\n\t\t\t\t\t\t<div class=\"elementor-element elementor-element-f5a7d19 elementor-widget elementor-widget-text-editor\" data-id=\"f5a7d19\" data-element_type=\"widget\" data-widget_type=\"text-editor.default\">\n\t\t\t\t<div class=\"elementor-widget-container\">\n\t\t\t\t\t\t\t<p><iframe src=\"https:\/\/www.youtube.com\/embed\/_KjCfx9GBVg\" width=\"560\" height=\"315\" frameborder=\"0\" allowfullscreen=\"allowfullscreen\"><\/iframe><\/p><p><strong>L&#8217;oiseau Lyre<\/strong>. Nous avons lu ceci sur Wikip\u00e9dia :\u00a0 <em>leur facult\u00e9 \u00e0 imiter les sons, tels ceux d&#8217;autres oiseaux et de divers \u00e9l\u00e9ments naturels mais aussi ceux de l&#8217;environnement humain tel que l&#8217;appareil photo, la tron\u00e7onneuse, l&#8217;alarme antivol, etc<\/em><\/p>\t\t\t\t\t\t<\/div>\n\t\t\t\t<\/div>\n\t\t\t\t\t<\/div>\n\t\t<\/div>\n\t\t\t\t<div class=\"elementor-column elementor-col-25 elementor-top-column elementor-element elementor-element-bf39181\" data-id=\"bf39181\" data-element_type=\"column\">\n\t\t\t<div class=\"elementor-widget-wrap elementor-element-populated\">\n\t\t\t\t\t\t<div class=\"elementor-element elementor-element-8105100 elementor-widget elementor-widget-text-editor\" data-id=\"8105100\" data-element_type=\"widget\" data-widget_type=\"text-editor.default\">\n\t\t\t\t<div class=\"elementor-widget-container\">\n\t\t\t\t\t\t\t<div>Puisqu&#8217;on est dans Jef Klak, dans le num\u00e9ro &#8220;Bout d&#8217;ficelles&#8221;, y&#8217;a une plage sonore &#8220;des Brebis, des fileuses&#8221;.\u00a0<\/div><div>C&#8217;est ici :\u00a0<a href=\"http:\/\/jefklak.org\/?page_id=2031\">http:\/\/jefklak.org\/?page_id=2031<\/a><\/div>\t\t\t\t\t\t<\/div>\n\t\t\t\t<\/div>\n\t\t\t\t\t<\/div>\n\t\t<\/div>\n\t\t\t\t\t<\/div>\n\t\t<\/section>\n\t\t\t\t<section class=\"elementor-section elementor-top-section elementor-element elementor-element-8051f81 elementor-section-boxed elementor-section-height-default elementor-section-height-default\" data-id=\"8051f81\" data-element_type=\"section\">\n\t\t\t\t\t\t<div class=\"elementor-container elementor-column-gap-default\">\n\t\t\t\t\t<div class=\"elementor-column elementor-col-25 elementor-top-column elementor-element elementor-element-734172b\" data-id=\"734172b\" data-element_type=\"column\">\n\t\t\t<div class=\"elementor-widget-wrap elementor-element-populated\">\n\t\t\t\t\t\t<div class=\"elementor-element elementor-element-a23f0b7 elementor-widget elementor-widget-video\" data-id=\"a23f0b7\" data-element_type=\"widget\" data-settings=\"{&quot;youtube_url&quot;:&quot;&lt;iframe width=\\&quot;560\\&quot; height=\\&quot;315\\&quot; src=\\&quot;https:\\\/\\\/www.youtube.com\\\/embed\\\/x6fJ9J-9XCM\\&quot; frameborder=\\&quot;0\\&quot; allow=\\&quot;autoplay; encrypted-media\\&quot; allowfullscreen&gt;&lt;\\\/iframe&gt;&quot;,&quot;video_type&quot;:&quot;youtube&quot;,&quot;controls&quot;:&quot;yes&quot;}\" data-widget_type=\"video.default\">\n\t\t\t\t<div class=\"elementor-widget-container\">\n\t\t\t\t\t<div class=\"elementor-wrapper elementor-open-inline\">\n\t\t\t<div class=\"elementor-video\"><\/div>\t\t<\/div>\n\t\t\t\t<\/div>\n\t\t\t\t<\/div>\n\t\t\t\t\t<\/div>\n\t\t<\/div>\n\t\t\t\t<div class=\"elementor-column elementor-col-25 elementor-top-column elementor-element elementor-element-aaa1895\" data-id=\"aaa1895\" data-element_type=\"column\">\n\t\t\t<div class=\"elementor-widget-wrap elementor-element-populated\">\n\t\t\t\t\t\t<div class=\"elementor-element elementor-element-7a6870b elementor-widget elementor-widget-text-editor\" data-id=\"7a6870b\" data-element_type=\"widget\" data-widget_type=\"text-editor.default\">\n\t\t\t\t<div class=\"elementor-widget-container\">\n\t\t\t\t\t\t\t<p>J&#8217;ai une question. A sert un moustique dans l&#8217;\u00e9cosyst\u00e8me ?<\/p>\t\t\t\t\t\t<\/div>\n\t\t\t\t<\/div>\n\t\t\t\t\t<\/div>\n\t\t<\/div>\n\t\t\t\t<div class=\"elementor-column elementor-col-25 elementor-top-column elementor-element elementor-element-cc29716\" data-id=\"cc29716\" data-element_type=\"column\" data-settings=\"{&quot;background_background&quot;:&quot;classic&quot;}\">\n\t\t\t<div class=\"elementor-widget-wrap elementor-element-populated\">\n\t\t\t\t\t\t<div class=\"elementor-element elementor-element-886fa3c elementor-widget elementor-widget-text-editor\" data-id=\"886fa3c\" data-element_type=\"widget\" data-widget_type=\"text-editor.default\">\n\t\t\t\t<div class=\"elementor-widget-container\">\n\t\t\t\t\t\t\t<p>Je me suis toujours demand\u00e9 comment les animaux entraient en contact avec l&#8217;\u00eatre humain et inversement. Je m&#8217;explique.<br \/>Par exemple, quand tu interpelles un chat ou un chien, il te regarde dans les yeux, pas les pieds. Comme nous d&#8217;ailleurs. Comment se fait-il que nous &#8220;sachions&#8221; \u00e7a ? Chiens, chats, tigres, singes, vaches, \u00eatres humains&#8230; Ah les oiseaux, je sais pas en fait. Est-ce qu&#8217;il nous regarde dans les yeux quand nous les interpelons ?<\/p>\t\t\t\t\t\t<\/div>\n\t\t\t\t<\/div>\n\t\t\t\t\t<\/div>\n\t\t<\/div>\n\t\t\t\t<div class=\"elementor-column elementor-col-25 elementor-top-column elementor-element elementor-element-6244bf0\" data-id=\"6244bf0\" data-element_type=\"column\">\n\t\t\t<div class=\"elementor-widget-wrap\">\n\t\t\t\t\t\t\t<\/div>\n\t\t<\/div>\n\t\t\t\t\t<\/div>\n\t\t<\/section>\n\t\t\t\t<section class=\"elementor-section elementor-top-section elementor-element elementor-element-633f2cc elementor-section-boxed elementor-section-height-default elementor-section-height-default\" data-id=\"633f2cc\" data-element_type=\"section\">\n\t\t\t\t\t\t<div class=\"elementor-container elementor-column-gap-default\">\n\t\t\t\t\t<div class=\"elementor-column elementor-col-100 elementor-top-column elementor-element elementor-element-84bab51\" data-id=\"84bab51\" data-element_type=\"column\">\n\t\t\t<div class=\"elementor-widget-wrap elementor-element-populated\">\n\t\t\t\t\t\t<div class=\"elementor-element elementor-element-ddf97bc elementor-widget elementor-widget-spacer\" data-id=\"ddf97bc\" data-element_type=\"widget\" data-widget_type=\"spacer.default\">\n\t\t\t\t<div class=\"elementor-widget-container\">\n\t\t\t\t\t<div class=\"elementor-spacer\">\n\t\t\t<div class=\"elementor-spacer-inner\"><\/div>\n\t\t<\/div>\n\t\t\t\t<\/div>\n\t\t\t\t<\/div>\n\t\t\t\t\t<\/div>\n\t\t<\/div>\n\t\t\t\t\t<\/div>\n\t\t<\/section>\n\t\t\t\t<\/div>\n\t\t","protected":false},"excerpt":{"rendered":"<p>Nous avons \u00e9cout\u00e9 les chants des  astres, des oiseaux, des baleines, lu des \u00e9crits de scientifiques, rassembl\u00e9 des documentations tr\u00e8s diverses.<\/p>\n","protected":false},"author":1,"featured_media":0,"parent":0,"menu_order":0,"comment_status":"closed","ping_status":"closed","template":"elementor_header_footer","meta":{"site-sidebar-layout":"default","site-content-layout":"default","ast-global-header-display":"","ast-banner-title-visibility":"","ast-main-header-display":"","ast-hfb-above-header-display":"","ast-hfb-below-header-display":"","ast-hfb-mobile-header-display":"","site-post-title":"","ast-breadcrumbs-content":"","ast-featured-img":"","footer-sml-layout":"","theme-transparent-header-meta":"","adv-header-id-meta":"","stick-header-meta":"","header-above-stick-meta":"","header-main-stick-meta":"","header-below-stick-meta":""},"_links":{"self":[{"href":"https:\/\/etreshumainsprofessionnels.fr\/index.php\/wp-json\/wp\/v2\/pages\/670"}],"collection":[{"href":"https:\/\/etreshumainsprofessionnels.fr\/index.php\/wp-json\/wp\/v2\/pages"}],"about":[{"href":"https:\/\/etreshumainsprofessionnels.fr\/index.php\/wp-json\/wp\/v2\/types\/page"}],"author":[{"embeddable":true,"href":"https:\/\/etreshumainsprofessionnels.fr\/index.php\/wp-json\/wp\/v2\/users\/1"}],"replies":[{"embeddable":true,"href":"https:\/\/etreshumainsprofessionnels.fr\/index.php\/wp-json\/wp\/v2\/comments?post=670"}],"version-history":[{"count":75,"href":"https:\/\/etreshumainsprofessionnels.fr\/index.php\/wp-json\/wp\/v2\/pages\/670\/revisions"}],"predecessor-version":[{"id":2954,"href":"https:\/\/etreshumainsprofessionnels.fr\/index.php\/wp-json\/wp\/v2\/pages\/670\/revisions\/2954"}],"wp:attachment":[{"href":"https:\/\/etreshumainsprofessionnels.fr\/index.php\/wp-json\/wp\/v2\/media?parent=670"}],"curies":[{"name":"wp","href":"https:\/\/api.w.org\/{rel}","templated":true}]}}