{"id":2700,"date":"2023-10-07T09:39:56","date_gmt":"2023-10-07T07:39:56","guid":{"rendered":"https:\/\/etreshumainsprofessionnels.fr\/?page_id=2700"},"modified":"2026-02-03T14:33:52","modified_gmt":"2026-02-03T13:33:52","slug":"festival-des-cabanes","status":"publish","type":"page","link":"https:\/\/etreshumainsprofessionnels.fr\/index.php\/festival-des-cabanes\/","title":{"rendered":"Festival des Cabanes"},"content":{"rendered":"\t\t<div data-elementor-type=\"wp-post\" data-elementor-id=\"2700\" class=\"elementor elementor-2700\">\n\t\t\t\t\t\t<section class=\"elementor-section elementor-top-section elementor-element elementor-element-c9fcdff elementor-section-boxed elementor-section-height-default elementor-section-height-default\" data-id=\"c9fcdff\" data-element_type=\"section\">\n\t\t\t\t\t\t<div class=\"elementor-container elementor-column-gap-default\">\n\t\t\t\t\t<div class=\"elementor-column elementor-col-100 elementor-top-column elementor-element elementor-element-2954432\" data-id=\"2954432\" data-element_type=\"column\">\n\t\t\t<div class=\"elementor-widget-wrap elementor-element-populated\">\n\t\t\t\t\t\t<div class=\"elementor-element elementor-element-5726f30 elementor-widget elementor-widget-spacer\" data-id=\"5726f30\" data-element_type=\"widget\" data-widget_type=\"spacer.default\">\n\t\t\t\t<div class=\"elementor-widget-container\">\n\t\t\t\t\t<div class=\"elementor-spacer\">\n\t\t\t<div class=\"elementor-spacer-inner\"><\/div>\n\t\t<\/div>\n\t\t\t\t<\/div>\n\t\t\t\t<\/div>\n\t\t\t\t\t<\/div>\n\t\t<\/div>\n\t\t\t\t\t<\/div>\n\t\t<\/section>\n\t\t\t\t<section class=\"elementor-section elementor-top-section elementor-element elementor-element-e155ebd elementor-section-boxed elementor-section-height-default elementor-section-height-default\" data-id=\"e155ebd\" data-element_type=\"section\">\n\t\t\t\t\t\t<div class=\"elementor-container elementor-column-gap-default\">\n\t\t\t\t\t<div class=\"elementor-column elementor-col-66 elementor-top-column elementor-element elementor-element-b993722\" data-id=\"b993722\" data-element_type=\"column\">\n\t\t\t<div class=\"elementor-widget-wrap elementor-element-populated\">\n\t\t\t\t\t\t<div class=\"elementor-element elementor-element-6d261e1 elementor-widget elementor-widget-text-editor\" data-id=\"6d261e1\" data-element_type=\"widget\" data-widget_type=\"text-editor.default\">\n\t\t\t\t<div class=\"elementor-widget-container\">\n\t\t\t\t\t\t\t<p>Un\u00a0 festival organis\u00e9 par les \u00catres Humains Professionnels avec les habitant.es du quartier de la Redoute.<br \/>Soutien : Ville de Fontenay, CAF du Val de Marne, Commissariat G\u00e9n\u00e9ral \u00e0 l\u2019Egalit\u00e9 des Territoires, DRAC Ile de France, Conseil G\u00e9n\u00e9ral du Val de Marne, FDVA, IDF Habitat.<br \/>Partenaires : Th\u00e9\u00e2tre Jean-Fran\u00e7ois Voguet, m\u00e9diath\u00e8que Louis Aragon, Les Compagnons B\u00e2tisseurs, Le Secours Populaire.\u00a0<\/p><p>En cinq ans, le Festival des Cabanes est devenu une authentique f\u00eate de quartier conciliant exigence artistique et participation du public. <br \/>Totalement pluridisciplinaire, il r\u00e9unit toutes les g\u00e9n\u00e9rations autour de concerts, repas partag\u00e9s, contes, lectures musicales, expositions, ateliers cr\u00e9atifs\u2026<br \/>Les habitant.es du quartier de la Redoute, le collectif des \u00catres Humains Professionnels et tous leurs partenaires pr\u00e9parent d\u00e9j\u00e0 l\u2019avenir\u00a0: <strong>prochaine \u00e9dition les 26 et 27 juin 2026\u00a0!<\/strong><\/p>\t\t\t\t\t\t<\/div>\n\t\t\t\t<\/div>\n\t\t\t\t\t<\/div>\n\t\t<\/div>\n\t\t\t\t<div class=\"elementor-column elementor-col-33 elementor-top-column elementor-element elementor-element-3d5d003\" data-id=\"3d5d003\" data-element_type=\"column\">\n\t\t\t<div class=\"elementor-widget-wrap elementor-element-populated\">\n\t\t\t\t\t\t<div class=\"elementor-element elementor-element-a3253e6 elementor-position-top elementor-widget elementor-widget-image-box\" data-id=\"a3253e6\" data-element_type=\"widget\" data-widget_type=\"image-box.default\">\n\t\t\t\t<div class=\"elementor-widget-container\">\n\t\t\t<div class=\"elementor-image-box-wrapper\"><figure class=\"elementor-image-box-img\"><a href=\"https:\/\/etreshumainsprofessionnels.fr\/index.php\/2021\/11\/19\/petit-retour-sur-les-activites-de-la-cabane-ressources-a-la-redoute\/\" tabindex=\"-1\"><img fetchpriority=\"high\" decoding=\"async\" width=\"2560\" height=\"1920\" src=\"https:\/\/etreshumainsprofessionnels.fr\/wp-content\/uploads\/2021\/11\/Copy-of-Photo-cabane-72-scaled.jpg\" class=\"attachment-full size-full wp-image-2312\" alt=\"\" srcset=\"https:\/\/etreshumainsprofessionnels.fr\/wp-content\/uploads\/2021\/11\/Copy-of-Photo-cabane-72-scaled.jpg 2560w, https:\/\/etreshumainsprofessionnels.fr\/wp-content\/uploads\/2021\/11\/Copy-of-Photo-cabane-72-300x225.jpg 300w, https:\/\/etreshumainsprofessionnels.fr\/wp-content\/uploads\/2021\/11\/Copy-of-Photo-cabane-72-1024x768.jpg 1024w, https:\/\/etreshumainsprofessionnels.fr\/wp-content\/uploads\/2021\/11\/Copy-of-Photo-cabane-72-768x576.jpg 768w, https:\/\/etreshumainsprofessionnels.fr\/wp-content\/uploads\/2021\/11\/Copy-of-Photo-cabane-72-1536x1152.jpg 1536w, https:\/\/etreshumainsprofessionnels.fr\/wp-content\/uploads\/2021\/11\/Copy-of-Photo-cabane-72-2048x1536.jpg 2048w\" sizes=\"(max-width: 2560px) 100vw, 2560px\" \/><\/a><\/figure><div class=\"elementor-image-box-content\"><h3 class=\"elementor-image-box-title\"><a href=\"https:\/\/etreshumainsprofessionnels.fr\/index.php\/2021\/11\/19\/petit-retour-sur-les-activites-de-la-cabane-ressources-a-la-redoute\/\">Le festival en images<\/a><\/h3><\/div><\/div>\t\t<\/div>\n\t\t\t\t<\/div>\n\t\t\t\t\t<\/div>\n\t\t<\/div>\n\t\t\t\t\t<\/div>\n\t\t<\/section>\n\t\t\t\t<section class=\"elementor-section elementor-top-section elementor-element elementor-element-c0fb8b4 elementor-section-boxed elementor-section-height-default elementor-section-height-default\" data-id=\"c0fb8b4\" data-element_type=\"section\">\n\t\t\t\t\t\t<div class=\"elementor-container elementor-column-gap-default\">\n\t\t\t\t\t<div class=\"elementor-column elementor-col-100 elementor-top-column elementor-element elementor-element-9ef6543\" data-id=\"9ef6543\" data-element_type=\"column\">\n\t\t\t<div class=\"elementor-widget-wrap elementor-element-populated\">\n\t\t\t\t\t\t<div class=\"elementor-element elementor-element-4a90ec2 elementor-widget elementor-widget-spacer\" data-id=\"4a90ec2\" data-element_type=\"widget\" data-widget_type=\"spacer.default\">\n\t\t\t\t<div class=\"elementor-widget-container\">\n\t\t\t\t\t<div class=\"elementor-spacer\">\n\t\t\t<div class=\"elementor-spacer-inner\"><\/div>\n\t\t<\/div>\n\t\t\t\t<\/div>\n\t\t\t\t<\/div>\n\t\t\t\t\t<\/div>\n\t\t<\/div>\n\t\t\t\t\t<\/div>\n\t\t<\/section>\n\t\t\t\t<section class=\"elementor-section elementor-top-section elementor-element elementor-element-0967b78 elementor-section-boxed elementor-section-height-default elementor-section-height-default\" data-id=\"0967b78\" data-element_type=\"section\">\n\t\t\t\t\t\t<div class=\"elementor-container elementor-column-gap-default\">\n\t\t\t\t\t<div class=\"elementor-column elementor-col-100 elementor-top-column elementor-element elementor-element-460f9e9\" data-id=\"460f9e9\" data-element_type=\"column\">\n\t\t\t<div class=\"elementor-widget-wrap elementor-element-populated\">\n\t\t\t\t\t\t<div class=\"elementor-element elementor-element-02971bb elementor-grid-eael-col-4 elementor-grid-tablet-eael-col-2 elementor-grid-mobile-eael-col-1 elementor-widget elementor-widget-eael-post-grid\" data-id=\"02971bb\" data-element_type=\"widget\" data-settings=\"{&quot;eael_post_grid_columns&quot;:&quot;eael-col-4&quot;,&quot;eael_post_grid_columns_tablet&quot;:&quot;eael-col-2&quot;,&quot;eael_post_grid_columns_mobile&quot;:&quot;eael-col-1&quot;}\" data-widget_type=\"eael-post-grid.default\">\n\t\t\t\t<div class=\"elementor-widget-container\">\n\t\t\t<div id=\"eael-post-grid-02971bb\" class=\"eael-post-grid-container\">\n            <div class=\"eael-post-grid eael-post-appender eael-post-appender-02971bb eael-post-grid-style-one\" data-layout-mode=\"masonry\"><article class=\"eael-grid-post eael-post-grid-column\" data-id=\"3268\">\n        <div class=\"eael-grid-post-holder\">\n            <div class=\"eael-grid-post-holder-inner\"><div class=\"eael-entry-media\"><ul class=\"post-carousel-categories\"><li><a href=\"https:\/\/etreshumainsprofessionnels.fr\/index.php\/tag\/saison-2024-2025\/\">saison 2024-2025<\/a><\/li><\/ul><div class=\"eael-entry-overlay fade-in\"><i class=\"fas fa-long-arrow-alt-right\" aria-hidden=\"true\"><\/i><a href=\"https:\/\/etreshumainsprofessionnels.fr\/index.php\/2025\/05\/17\/festival-des-cabanes-2025\/\"><\/a><\/div><div class=\"eael-entry-thumbnail eael-image-ratio\">\n                <img decoding=\"async\" width=\"211\" height=\"300\" src=\"https:\/\/etreshumainsprofessionnels.fr\/wp-content\/uploads\/2025\/06\/Capture-decran-2025-06-11-a-11.17.06-211x300.png\" class=\"attachment-medium size-medium wp-image-3027\" alt=\"\" srcset=\"https:\/\/etreshumainsprofessionnels.fr\/wp-content\/uploads\/2025\/06\/Capture-decran-2025-06-11-a-11.17.06-211x300.png 211w, https:\/\/etreshumainsprofessionnels.fr\/wp-content\/uploads\/2025\/06\/Capture-decran-2025-06-11-a-11.17.06-721x1024.png 721w, https:\/\/etreshumainsprofessionnels.fr\/wp-content\/uploads\/2025\/06\/Capture-decran-2025-06-11-a-11.17.06-768x1090.png 768w, https:\/\/etreshumainsprofessionnels.fr\/wp-content\/uploads\/2025\/06\/Capture-decran-2025-06-11-a-11.17.06-1082x1536.png 1082w, https:\/\/etreshumainsprofessionnels.fr\/wp-content\/uploads\/2025\/06\/Capture-decran-2025-06-11-a-11.17.06.png 1192w\" sizes=\"(max-width: 211px) 100vw, 211px\" \/>\n            <\/div>\n        <\/div><div class=\"eael-entry-wrapper\"><header class=\"eael-entry-header\"><h5 class=\"eael-entry-title\"><a class=\"eael-grid-post-link\" href=\"https:\/\/etreshumainsprofessionnels.fr\/index.php\/2025\/05\/17\/festival-des-cabanes-2025\/\" title=\"Festival des Cabanes 2025\">Festival des Cabanes 2025<\/a><\/h5><\/header><div class=\"eael-entry-content\">\n                        <div class=\"eael-grid-post-excerpt\"><p>Tout frais tout beau, le programme du festival des Cabanes. Du 27 juin au 5 juillet 2025<\/p><a href=\"https:\/\/etreshumainsprofessionnels.fr\/index.php\/2025\/05\/17\/festival-des-cabanes-2025\/\" class=\"eael-post-elements-readmore-btn\">\/\/\/ Lire<\/a><\/div>\n                    <\/div><div class=\"eael-entry-footer\"><div class=\"eael-entry-meta\"><span class=\"eael-posted-on\"><time datetime=\"17 May 2025\">17 May 2025<\/time><\/span><\/div><\/div><\/div><\/div>\n        <\/div>\n    <\/article><article class=\"eael-grid-post eael-post-grid-column\" data-id=\"2978\">\n        <div class=\"eael-grid-post-holder\">\n            <div class=\"eael-grid-post-holder-inner\"><div class=\"eael-entry-media\"><ul class=\"post-carousel-categories\"><li><a href=\"https:\/\/etreshumainsprofessionnels.fr\/index.php\/tag\/saison-2023-2024\/\">saison 2023-2024<\/a><\/li><\/ul><div class=\"eael-entry-overlay fade-in\"><i class=\"fas fa-long-arrow-alt-right\" aria-hidden=\"true\"><\/i><a href=\"https:\/\/etreshumainsprofessionnels.fr\/index.php\/2024\/06\/03\/festival-des-cabanes-2024\/\"><\/a><\/div><div class=\"eael-entry-thumbnail eael-image-ratio\">\n                <img decoding=\"async\" width=\"210\" height=\"300\" src=\"https:\/\/etreshumainsprofessionnels.fr\/wp-content\/uploads\/2024\/06\/Capture-decran-2024-06-03-a-14.35.01-210x300.png\" class=\"attachment-medium size-medium wp-image-2971\" alt=\"\" srcset=\"https:\/\/etreshumainsprofessionnels.fr\/wp-content\/uploads\/2024\/06\/Capture-decran-2024-06-03-a-14.35.01-210x300.png 210w, https:\/\/etreshumainsprofessionnels.fr\/wp-content\/uploads\/2024\/06\/Capture-decran-2024-06-03-a-14.35.01-717x1024.png 717w, https:\/\/etreshumainsprofessionnels.fr\/wp-content\/uploads\/2024\/06\/Capture-decran-2024-06-03-a-14.35.01-768x1097.png 768w, https:\/\/etreshumainsprofessionnels.fr\/wp-content\/uploads\/2024\/06\/Capture-decran-2024-06-03-a-14.35.01.png 1050w\" sizes=\"(max-width: 210px) 100vw, 210px\" \/>\n            <\/div>\n        <\/div><div class=\"eael-entry-wrapper\"><header class=\"eael-entry-header\"><h5 class=\"eael-entry-title\"><a class=\"eael-grid-post-link\" href=\"https:\/\/etreshumainsprofessionnels.fr\/index.php\/2024\/06\/03\/festival-des-cabanes-2024\/\" title=\"Festival des Cabanes 2024\">Festival des Cabanes 2024<\/a><\/h5><\/header><div class=\"eael-entry-content\">\n                        <div class=\"eael-grid-post-excerpt\"><p>Tout frais tout beau, le programme du festival des Cabanes. Du 23 juin au 7 juillet 2023.<\/p><a href=\"https:\/\/etreshumainsprofessionnels.fr\/index.php\/2024\/06\/03\/festival-des-cabanes-2024\/\" class=\"eael-post-elements-readmore-btn\">\/\/\/ Lire<\/a><\/div>\n                    <\/div><div class=\"eael-entry-footer\"><div class=\"eael-entry-meta\"><span class=\"eael-posted-on\"><time datetime=\"3 June 2024\">3 June 2024<\/time><\/span><\/div><\/div><\/div><\/div>\n        <\/div>\n    <\/article><article class=\"eael-grid-post eael-post-grid-column\" data-id=\"2643\">\n        <div class=\"eael-grid-post-holder\">\n            <div class=\"eael-grid-post-holder-inner\"><div class=\"eael-entry-media\"><ul class=\"post-carousel-categories\"><li><a href=\"https:\/\/etreshumainsprofessionnels.fr\/index.php\/tag\/saison-2022-2023\/\">saison 2022-2023<\/a><\/li><\/ul><div class=\"eael-entry-overlay fade-in\"><i class=\"fas fa-long-arrow-alt-right\" aria-hidden=\"true\"><\/i><a href=\"https:\/\/etreshumainsprofessionnels.fr\/index.php\/2023\/10\/06\/les-etres-humains-professionnels-participe-a-la-fresque-de-la-redoute-copy\/\"><\/a><\/div><div class=\"eael-entry-thumbnail eael-image-ratio\">\n                <img loading=\"lazy\" decoding=\"async\" width=\"300\" height=\"225\" src=\"https:\/\/etreshumainsprofessionnels.fr\/wp-content\/uploads\/2022\/07\/IMG-20220705-WA0001-300x225.jpg\" class=\"attachment-medium size-medium wp-image-2408\" alt=\"\" srcset=\"https:\/\/etreshumainsprofessionnels.fr\/wp-content\/uploads\/2022\/07\/IMG-20220705-WA0001-300x225.jpg 300w, https:\/\/etreshumainsprofessionnels.fr\/wp-content\/uploads\/2022\/07\/IMG-20220705-WA0001-1024x768.jpg 1024w, https:\/\/etreshumainsprofessionnels.fr\/wp-content\/uploads\/2022\/07\/IMG-20220705-WA0001-768x576.jpg 768w, https:\/\/etreshumainsprofessionnels.fr\/wp-content\/uploads\/2022\/07\/IMG-20220705-WA0001-1536x1152.jpg 1536w, https:\/\/etreshumainsprofessionnels.fr\/wp-content\/uploads\/2022\/07\/IMG-20220705-WA0001.jpg 2048w\" sizes=\"(max-width: 300px) 100vw, 300px\" \/>\n            <\/div>\n        <\/div><div class=\"eael-entry-wrapper\"><header class=\"eael-entry-header\"><h5 class=\"eael-entry-title\"><a class=\"eael-grid-post-link\" href=\"https:\/\/etreshumainsprofessionnels.fr\/index.php\/2023\/10\/06\/les-etres-humains-professionnels-participe-a-la-fresque-de-la-redoute-copy\/\" title=\"Alors ce festival des cabanes, c&#8217;\u00e9tait comment ?\">Alors ce festival des cabanes, c&#8217;\u00e9tait comment ?<\/a><\/h5><\/header><div class=\"eael-entry-content\">\n                        <div class=\"eael-grid-post-excerpt\"><p>Fresque du Vivant, concerts, m\u00e9diath\u00e8que et \u00e9cole \u00e0 la cabane, fabrication de petites percussions, shiatsu... il s'en est pass\u00e9 des choses !<\/p><a href=\"https:\/\/etreshumainsprofessionnels.fr\/index.php\/2023\/10\/06\/les-etres-humains-professionnels-participe-a-la-fresque-de-la-redoute-copy\/\" class=\"eael-post-elements-readmore-btn\">\/\/\/ Lire<\/a><\/div>\n                    <\/div><div class=\"eael-entry-footer\"><div class=\"eael-entry-meta\"><span class=\"eael-posted-on\"><time datetime=\"6 October 2023\">6 October 2023<\/time><\/span><\/div><\/div><\/div><\/div>\n        <\/div>\n    <\/article><article class=\"eael-grid-post eael-post-grid-column\" data-id=\"2494\">\n        <div class=\"eael-grid-post-holder\">\n            <div class=\"eael-grid-post-holder-inner\"><div class=\"eael-entry-media\"><ul class=\"post-carousel-categories\"><li><a href=\"https:\/\/etreshumainsprofessionnels.fr\/index.php\/tag\/saison-2022-2023\/\">saison 2022-2023<\/a><\/li><\/ul><div class=\"eael-entry-overlay fade-in\"><i class=\"fas fa-long-arrow-alt-right\" aria-hidden=\"true\"><\/i><a href=\"https:\/\/etreshumainsprofessionnels.fr\/index.php\/2023\/05\/25\/festival-des-cabanes-ete-2023\/\"><\/a><\/div><div class=\"eael-entry-thumbnail eael-image-ratio\">\n                <img loading=\"lazy\" decoding=\"async\" width=\"212\" height=\"300\" src=\"https:\/\/etreshumainsprofessionnels.fr\/wp-content\/uploads\/2023\/05\/Capture-decran-2023-06-21-a-13.57.59-212x300.png\" class=\"attachment-medium size-medium wp-image-2592\" alt=\"\" srcset=\"https:\/\/etreshumainsprofessionnels.fr\/wp-content\/uploads\/2023\/05\/Capture-decran-2023-06-21-a-13.57.59-212x300.png 212w, https:\/\/etreshumainsprofessionnels.fr\/wp-content\/uploads\/2023\/05\/Capture-decran-2023-06-21-a-13.57.59-725x1024.png 725w, https:\/\/etreshumainsprofessionnels.fr\/wp-content\/uploads\/2023\/05\/Capture-decran-2023-06-21-a-13.57.59-768x1085.png 768w, https:\/\/etreshumainsprofessionnels.fr\/wp-content\/uploads\/2023\/05\/Capture-decran-2023-06-21-a-13.57.59-1087x1536.png 1087w, https:\/\/etreshumainsprofessionnels.fr\/wp-content\/uploads\/2023\/05\/Capture-decran-2023-06-21-a-13.57.59.png 1176w\" sizes=\"(max-width: 212px) 100vw, 212px\" \/>\n            <\/div>\n        <\/div><div class=\"eael-entry-wrapper\"><header class=\"eael-entry-header\"><h5 class=\"eael-entry-title\"><a class=\"eael-grid-post-link\" href=\"https:\/\/etreshumainsprofessionnels.fr\/index.php\/2023\/05\/25\/festival-des-cabanes-ete-2023\/\" title=\"Festival des Cabanes 2023 !\">Festival des Cabanes 2023 !<\/a><\/h5><\/header><div class=\"eael-entry-content\">\n                        <div class=\"eael-grid-post-excerpt\"><p>Tout frais tout beau, le programme du festival des Cabanes. Du 23 juin au 7 juillet 2023.<\/p><a href=\"https:\/\/etreshumainsprofessionnels.fr\/index.php\/2023\/05\/25\/festival-des-cabanes-ete-2023\/\" class=\"eael-post-elements-readmore-btn\">\/\/\/ Lire<\/a><\/div>\n                    <\/div><div class=\"eael-entry-footer\"><div class=\"eael-entry-meta\"><span class=\"eael-posted-on\"><time datetime=\"25 May 2023\">25 May 2023<\/time><\/span><\/div><\/div><\/div><\/div>\n        <\/div>\n    <\/article><article class=\"eael-grid-post eael-post-grid-column\" data-id=\"2355\">\n        <div class=\"eael-grid-post-holder\">\n            <div class=\"eael-grid-post-holder-inner\"><div class=\"eael-entry-media\"><div class=\"eael-entry-overlay fade-in\"><i class=\"fas fa-long-arrow-alt-right\" aria-hidden=\"true\"><\/i><a href=\"https:\/\/etreshumainsprofessionnels.fr\/index.php\/2022\/06\/08\/la-cabane-spectacles-arrive-a-la-redoute-le-1er-juillet-2022\/\"><\/a><\/div><div class=\"eael-entry-thumbnail eael-image-ratio\">\n                <img loading=\"lazy\" decoding=\"async\" width=\"212\" height=\"300\" src=\"https:\/\/etreshumainsprofessionnels.fr\/wp-content\/uploads\/2022\/06\/afficheEHP_2022_web-212x300.png\" class=\"attachment-medium size-medium wp-image-2328\" alt=\"\" srcset=\"https:\/\/etreshumainsprofessionnels.fr\/wp-content\/uploads\/2022\/06\/afficheEHP_2022_web-212x300.png 212w, https:\/\/etreshumainsprofessionnels.fr\/wp-content\/uploads\/2022\/06\/afficheEHP_2022_web.png 707w\" sizes=\"(max-width: 212px) 100vw, 212px\" \/>\n            <\/div>\n        <\/div><div class=\"eael-entry-wrapper\"><header class=\"eael-entry-header\"><h5 class=\"eael-entry-title\"><a class=\"eael-grid-post-link\" href=\"https:\/\/etreshumainsprofessionnels.fr\/index.php\/2022\/06\/08\/la-cabane-spectacles-arrive-a-la-redoute-le-1er-juillet-2022\/\" title=\"La cabane spectacles arrive \u00e0 La Redoute le 1er juillet 2022 !!\">La cabane spectacles arrive \u00e0 La Redoute le 1er juillet 2022 !!<\/a><\/h5><\/header><div class=\"eael-entry-content\">\n                        <div class=\"eael-grid-post-excerpt\"><p>La Cabane spectacles sensibilise \u00e0 l\u2019espace sc\u00e9nique en tant qu\u2019espace habit\u00e9, au dedans et au dehors, au r\u00e9pertoire et au jeu th\u00e9\u00e2tral et musical. Cette...<\/p><a href=\"https:\/\/etreshumainsprofessionnels.fr\/index.php\/2022\/06\/08\/la-cabane-spectacles-arrive-a-la-redoute-le-1er-juillet-2022\/\" class=\"eael-post-elements-readmore-btn\">\/\/\/ Lire<\/a><\/div>\n                    <\/div><div class=\"eael-entry-footer\"><div class=\"eael-entry-meta\"><span class=\"eael-posted-on\"><time datetime=\"8 June 2022\">8 June 2022<\/time><\/span><\/div><\/div><\/div><\/div>\n        <\/div>\n    <\/article><article class=\"eael-grid-post eael-post-grid-column\" data-id=\"2286\">\n        <div class=\"eael-grid-post-holder\">\n            <div class=\"eael-grid-post-holder-inner\"><div class=\"eael-entry-media\"><div class=\"eael-entry-overlay fade-in\"><i class=\"fas fa-long-arrow-alt-right\" aria-hidden=\"true\"><\/i><a href=\"https:\/\/etreshumainsprofessionnels.fr\/index.php\/2021\/11\/19\/petit-retour-sur-les-activites-de-la-cabane-ressources-a-la-redoute\/\"><\/a><\/div><div class=\"eael-entry-thumbnail eael-image-ratio\">\n                <img loading=\"lazy\" decoding=\"async\" width=\"300\" height=\"169\" src=\"https:\/\/etreshumainsprofessionnels.fr\/wp-content\/uploads\/2021\/04\/DSC06767-300x169.jpg\" class=\"attachment-medium size-medium wp-image-2247\" alt=\"\" srcset=\"https:\/\/etreshumainsprofessionnels.fr\/wp-content\/uploads\/2021\/04\/DSC06767-300x169.jpg 300w, https:\/\/etreshumainsprofessionnels.fr\/wp-content\/uploads\/2021\/04\/DSC06767-1024x576.jpg 1024w, https:\/\/etreshumainsprofessionnels.fr\/wp-content\/uploads\/2021\/04\/DSC06767-768x432.jpg 768w, https:\/\/etreshumainsprofessionnels.fr\/wp-content\/uploads\/2021\/04\/DSC06767.jpg 1280w\" sizes=\"(max-width: 300px) 100vw, 300px\" \/>\n            <\/div>\n        <\/div><div class=\"eael-entry-wrapper\"><header class=\"eael-entry-header\"><h5 class=\"eael-entry-title\"><a class=\"eael-grid-post-link\" href=\"https:\/\/etreshumainsprofessionnels.fr\/index.php\/2021\/11\/19\/petit-retour-sur-les-activites-de-la-cabane-ressources-a-la-redoute\/\" title=\"Le festival des cabanes en images\">Le festival des cabanes en images<\/a><\/h5><\/header><div class=\"eael-entry-content\">\n                        <div class=\"eael-grid-post-excerpt\"><p>Retrouvez une s\u00e9lection de photographies de toutes les \u00e9ditions du festival depuis 2021.<\/p><a href=\"https:\/\/etreshumainsprofessionnels.fr\/index.php\/2021\/11\/19\/petit-retour-sur-les-activites-de-la-cabane-ressources-a-la-redoute\/\" class=\"eael-post-elements-readmore-btn\">\/\/\/ Lire<\/a><\/div>\n                    <\/div><div class=\"eael-entry-footer\"><div class=\"eael-entry-meta\"><span class=\"eael-posted-on\"><time datetime=\"19 November 2021\">19 November 2021<\/time><\/span><\/div><\/div><\/div><\/div>\n        <\/div>\n    <\/article><article class=\"eael-grid-post eael-post-grid-column\" data-id=\"2280\">\n        <div class=\"eael-grid-post-holder\">\n            <div class=\"eael-grid-post-holder-inner\"><div class=\"eael-entry-media\"><ul class=\"post-carousel-categories\"><li><a href=\"https:\/\/etreshumainsprofessionnels.fr\/index.php\/tag\/actionculturelle\/\">actionculturelle<\/a><\/li><li><a href=\"https:\/\/etreshumainsprofessionnels.fr\/index.php\/tag\/cabanespectacles\/\">cabanespectacles<\/a><\/li><li><a href=\"https:\/\/etreshumainsprofessionnels.fr\/index.php\/tag\/redoute-2\/\">redoute<\/a><\/li><\/ul><div class=\"eael-entry-overlay fade-in\"><i class=\"fas fa-long-arrow-alt-right\" aria-hidden=\"true\"><\/i><a href=\"https:\/\/etreshumainsprofessionnels.fr\/index.php\/2021\/11\/19\/une-nouvelle-cabane-a-la-redoute-pour-lete-2022\/\"><\/a><\/div><div class=\"eael-entry-thumbnail eael-image-ratio\">\n                <img loading=\"lazy\" decoding=\"async\" width=\"300\" height=\"233\" src=\"https:\/\/etreshumainsprofessionnels.fr\/wp-content\/uploads\/2021\/04\/Cabane-2-300x233.jpg\" class=\"attachment-medium size-medium wp-image-2241\" alt=\"\" srcset=\"https:\/\/etreshumainsprofessionnels.fr\/wp-content\/uploads\/2021\/04\/Cabane-2-300x233.jpg 300w, https:\/\/etreshumainsprofessionnels.fr\/wp-content\/uploads\/2021\/04\/Cabane-2-1024x795.jpg 1024w, https:\/\/etreshumainsprofessionnels.fr\/wp-content\/uploads\/2021\/04\/Cabane-2-768x596.jpg 768w, https:\/\/etreshumainsprofessionnels.fr\/wp-content\/uploads\/2021\/04\/Cabane-2-1536x1193.jpg 1536w, https:\/\/etreshumainsprofessionnels.fr\/wp-content\/uploads\/2021\/04\/Cabane-2.jpg 1880w\" sizes=\"(max-width: 300px) 100vw, 300px\" \/>\n            <\/div>\n        <\/div><div class=\"eael-entry-wrapper\"><header class=\"eael-entry-header\"><h5 class=\"eael-entry-title\"><a class=\"eael-grid-post-link\" href=\"https:\/\/etreshumainsprofessionnels.fr\/index.php\/2021\/11\/19\/une-nouvelle-cabane-a-la-redoute-pour-lete-2022\/\" title=\"Une nouvelle cabane \u00e0 la Redoute pour l&#8217;\u00e9t\u00e9 2022\">Une nouvelle cabane \u00e0 la Redoute pour l&#8217;\u00e9t\u00e9 2022<\/a><\/h5><\/header><div class=\"eael-entry-content\">\n                        <div class=\"eael-grid-post-excerpt\"><p>Apr\u00e8s la cabane Ressources fabriqu\u00e9e en 2021, nous nous projetons \u00e0 l'\u00e9t\u00e9 2022 avec une nouvelle cabane d\u00e9di\u00e9e aux spectacles : th\u00e9\u00e2tre, musique.<\/p><a href=\"https:\/\/etreshumainsprofessionnels.fr\/index.php\/2021\/11\/19\/une-nouvelle-cabane-a-la-redoute-pour-lete-2022\/\" class=\"eael-post-elements-readmore-btn\">\/\/\/ Lire<\/a><\/div>\n                    <\/div><div class=\"eael-entry-footer\"><div class=\"eael-entry-meta\"><span class=\"eael-posted-on\"><time datetime=\"19 November 2021\">19 November 2021<\/time><\/span><\/div><\/div><\/div><\/div>\n        <\/div>\n    <\/article><\/div>\n            <div class=\"clearfix\"><\/div>\n        <\/div>\t\t<\/div>\n\t\t\t\t<\/div>\n\t\t\t\t\t<\/div>\n\t\t<\/div>\n\t\t\t\t\t<\/div>\n\t\t<\/section>\n\t\t\t\t<section class=\"elementor-section elementor-top-section elementor-element elementor-element-633f2cc elementor-section-boxed elementor-section-height-default elementor-section-height-default\" data-id=\"633f2cc\" data-element_type=\"section\">\n\t\t\t\t\t\t<div class=\"elementor-container elementor-column-gap-default\">\n\t\t\t\t\t<div class=\"elementor-column elementor-col-100 elementor-top-column elementor-element elementor-element-84bab51\" data-id=\"84bab51\" data-element_type=\"column\">\n\t\t\t<div class=\"elementor-widget-wrap elementor-element-populated\">\n\t\t\t\t\t\t<div class=\"elementor-element elementor-element-ddf97bc elementor-widget elementor-widget-spacer\" data-id=\"ddf97bc\" data-element_type=\"widget\" data-widget_type=\"spacer.default\">\n\t\t\t\t<div class=\"elementor-widget-container\">\n\t\t\t\t\t<div class=\"elementor-spacer\">\n\t\t\t<div class=\"elementor-spacer-inner\"><\/div>\n\t\t<\/div>\n\t\t\t\t<\/div>\n\t\t\t\t<\/div>\n\t\t\t\t\t<\/div>\n\t\t<\/div>\n\t\t\t\t\t<\/div>\n\t\t<\/section>\n\t\t\t\t<\/div>\n\t\t","protected":false},"excerpt":{"rendered":"<p>Nous avons \u00e9cout\u00e9 les chants des  astres, des oiseaux, des baleines, lu des \u00e9crits de scientifiques, rassembl\u00e9 des documentations tr\u00e8s diverses.<\/p>\n","protected":false},"author":1,"featured_media":206,"parent":0,"menu_order":0,"comment_status":"closed","ping_status":"closed","template":"elementor_header_footer","meta":{"site-sidebar-layout":"default","site-content-layout":"default","ast-global-header-display":"","ast-banner-title-visibility":"","ast-main-header-display":"","ast-hfb-above-header-display":"","ast-hfb-below-header-display":"","ast-hfb-mobile-header-display":"","site-post-title":"","ast-breadcrumbs-content":"","ast-featured-img":"","footer-sml-layout":"","theme-transparent-header-meta":"","adv-header-id-meta":"","stick-header-meta":"","header-above-stick-meta":"","header-main-stick-meta":"","header-below-stick-meta":""},"_links":{"self":[{"href":"https:\/\/etreshumainsprofessionnels.fr\/index.php\/wp-json\/wp\/v2\/pages\/2700"}],"collection":[{"href":"https:\/\/etreshumainsprofessionnels.fr\/index.php\/wp-json\/wp\/v2\/pages"}],"about":[{"href":"https:\/\/etreshumainsprofessionnels.fr\/index.php\/wp-json\/wp\/v2\/types\/page"}],"author":[{"embeddable":true,"href":"https:\/\/etreshumainsprofessionnels.fr\/index.php\/wp-json\/wp\/v2\/users\/1"}],"replies":[{"embeddable":true,"href":"https:\/\/etreshumainsprofessionnels.fr\/index.php\/wp-json\/wp\/v2\/comments?post=2700"}],"version-history":[{"count":60,"href":"https:\/\/etreshumainsprofessionnels.fr\/index.php\/wp-json\/wp\/v2\/pages\/2700\/revisions"}],"predecessor-version":[{"id":3583,"href":"https:\/\/etreshumainsprofessionnels.fr\/index.php\/wp-json\/wp\/v2\/pages\/2700\/revisions\/3583"}],"wp:featuredmedia":[{"embeddable":true,"href":"https:\/\/etreshumainsprofessionnels.fr\/index.php\/wp-json\/wp\/v2\/media\/206"}],"wp:attachment":[{"href":"https:\/\/etreshumainsprofessionnels.fr\/index.php\/wp-json\/wp\/v2\/media?parent=2700"}],"curies":[{"name":"wp","href":"https:\/\/api.w.org\/{rel}","templated":true}]}}