{"id":188,"date":"2017-11-02T09:49:07","date_gmt":"2017-11-02T08:49:07","guid":{"rendered":"http:\/\/etreshumainsprofessionnels.fr\/?page_id=188"},"modified":"2026-02-03T15:58:13","modified_gmt":"2026-02-03T14:58:13","slug":"spectacles-en-diffusion","status":"publish","type":"page","link":"https:\/\/etreshumainsprofessionnels.fr\/index.php\/spectacles-en-diffusion\/","title":{"rendered":"Les spectacles musicaux"},"content":{"rendered":"\t\t<div data-elementor-type=\"wp-post\" data-elementor-id=\"188\" class=\"elementor elementor-188\">\n\t\t\t\t\t\t<section class=\"elementor-section elementor-top-section elementor-element elementor-element-0e7171d elementor-section-boxed elementor-section-height-default elementor-section-height-default\" data-id=\"0e7171d\" data-element_type=\"section\">\n\t\t\t\t\t\t<div class=\"elementor-container elementor-column-gap-default\">\n\t\t\t\t\t<div class=\"elementor-column elementor-col-100 elementor-top-column elementor-element elementor-element-d9be82b\" data-id=\"d9be82b\" data-element_type=\"column\">\n\t\t\t<div class=\"elementor-widget-wrap elementor-element-populated\">\n\t\t\t\t\t\t<div class=\"elementor-element elementor-element-47e1ea7 elementor-widget elementor-widget-spacer\" data-id=\"47e1ea7\" data-element_type=\"widget\" data-widget_type=\"spacer.default\">\n\t\t\t\t<div class=\"elementor-widget-container\">\n\t\t\t\t\t<div class=\"elementor-spacer\">\n\t\t\t<div class=\"elementor-spacer-inner\"><\/div>\n\t\t<\/div>\n\t\t\t\t<\/div>\n\t\t\t\t<\/div>\n\t\t\t\t<div class=\"elementor-element elementor-element-5257e60 elementor-widget elementor-widget-heading\" data-id=\"5257e60\" data-element_type=\"widget\" data-widget_type=\"heading.default\">\n\t\t\t\t<div class=\"elementor-widget-container\">\n\t\t\t<h2 class=\"elementor-heading-title elementor-size-default\">NOS SPECTACLES<\/h2>\t\t<\/div>\n\t\t\t\t<\/div>\n\t\t\t\t\t<\/div>\n\t\t<\/div>\n\t\t\t\t\t<\/div>\n\t\t<\/section>\n\t\t\t\t<section class=\"elementor-section elementor-top-section elementor-element elementor-element-eb0249e elementor-section-boxed elementor-section-height-default elementor-section-height-default\" data-id=\"eb0249e\" data-element_type=\"section\">\n\t\t\t\t\t\t<div class=\"elementor-container elementor-column-gap-default\">\n\t\t\t\t\t<div class=\"elementor-column elementor-col-100 elementor-top-column elementor-element elementor-element-0ece867\" data-id=\"0ece867\" data-element_type=\"column\">\n\t\t\t<div class=\"elementor-widget-wrap elementor-element-populated\">\n\t\t\t\t\t\t<div class=\"elementor-element elementor-element-5102713 elementor-widget elementor-widget-heading\" data-id=\"5102713\" data-element_type=\"widget\" data-widget_type=\"heading.default\">\n\t\t\t\t<div class=\"elementor-widget-container\">\n\t\t\t<h2 class=\"elementor-heading-title elementor-size-default\">Les histoires musicales chant\u00e9es<\/h2>\t\t<\/div>\n\t\t\t\t<\/div>\n\t\t\t\t\t<\/div>\n\t\t<\/div>\n\t\t\t\t\t<\/div>\n\t\t<\/section>\n\t\t\t\t<section class=\"elementor-section elementor-top-section elementor-element elementor-element-0f3d98b elementor-section-boxed elementor-section-height-default elementor-section-height-default\" data-id=\"0f3d98b\" data-element_type=\"section\">\n\t\t\t\t\t\t<div class=\"elementor-container elementor-column-gap-default\">\n\t\t\t\t\t<div class=\"elementor-column elementor-col-100 elementor-top-column elementor-element elementor-element-c44966f\" data-id=\"c44966f\" data-element_type=\"column\">\n\t\t\t<div class=\"elementor-widget-wrap elementor-element-populated\">\n\t\t\t\t\t\t<div class=\"elementor-element elementor-element-920d480 elementor-widget elementor-widget-text-editor\" data-id=\"920d480\" data-element_type=\"widget\" data-widget_type=\"text-editor.default\">\n\t\t\t\t<div class=\"elementor-widget-container\">\n\t\t\t\t\t\t\t<p>Chacune de ces histoires revisite des musiques populaires en nous plongeant dans des th\u00e8mes de soci\u00e9t\u00e9.<br \/>Pour de plus amples informations, vous pouvez contacter Michel au : \u00a0<strong>06 19 94 38 22<\/strong>Prochaines dates<\/p>\t\t\t\t\t\t<\/div>\n\t\t\t\t<\/div>\n\t\t\t\t\t<\/div>\n\t\t<\/div>\n\t\t\t\t\t<\/div>\n\t\t<\/section>\n\t\t\t\t<section class=\"elementor-section elementor-top-section elementor-element elementor-element-60b1014 elementor-section-boxed elementor-section-height-default elementor-section-height-default\" data-id=\"60b1014\" data-element_type=\"section\">\n\t\t\t\t\t\t<div class=\"elementor-container elementor-column-gap-default\">\n\t\t\t\t\t<div class=\"elementor-column elementor-col-33 elementor-top-column elementor-element elementor-element-5453029\" data-id=\"5453029\" data-element_type=\"column\">\n\t\t\t<div class=\"elementor-widget-wrap elementor-element-populated\">\n\t\t\t\t\t\t<div class=\"elementor-element elementor-element-e4c0b57 eael-infobox-content-align--left eael-infobox-shape-square eael-infobox-hover-img-shape-square elementor-widget elementor-widget-eael-info-box\" data-id=\"e4c0b57\" data-element_type=\"widget\" data-widget_type=\"eael-info-box.default\">\n\t\t\t\t<div class=\"elementor-widget-container\">\n\t\t\t        <div class=\"eael-infobox icon-on-top\">\n\t            <div class=\"infobox-icon\">\n\n                            <img decoding=\"async\" src=\"https:\/\/etreshumainsprofessionnels.fr\/wp-content\/uploads\/2017\/11\/Struggle_affiche.png\" alt=\"\">\n            \n            \n            \n        <\/div>\n            <div class=\"infobox-content\">\n                    <div class=\"infobox-title-section\">\n                <h2 class=\"title\">STRUGGLE<\/h2>            <\/div>\n            <div><p>Comment peut-on appeler Struggle ? Road movie musical ? R\u00e9cital ? Tour de chant ? Concert ? Voyage ?<b><br \/><\/b>Struggle est d\u2019abord un hommage aux textes et aux chansons de Woody Guthrie et Leadbelly, des am\u00e9ricains qui nous font \u00e9prouver le bonheur de combattre, s\u2019il s\u2019agit de combattre pour la vie.<\/p><div><p>Avec Michel Aymard ( chant, jeu) et Nicolas Fabre, (Clavier, arrangement).<\/p><\/div><\/div>        <div class=\"infobox-button\">\n            <a class=\"eael-infobox-button\" href=\"https:\/\/etreshumainsprofessionnels.fr\/index.php\/2020\/04\/22\/struggle\/\" target=\"_blank\">\n                                <span class=\"infobox-button-text\">La fiche du spectacle<\/span>\n                            <\/a>\n        <\/div>\n            <\/div>\n            <\/div>\n\n\t\t\t\t<\/div>\n\t\t\t\t<\/div>\n\t\t\t\t\t<\/div>\n\t\t<\/div>\n\t\t\t\t<div class=\"elementor-column elementor-col-33 elementor-top-column elementor-element elementor-element-4cbdc43\" data-id=\"4cbdc43\" data-element_type=\"column\">\n\t\t\t<div class=\"elementor-widget-wrap elementor-element-populated\">\n\t\t\t\t\t\t<div class=\"elementor-element elementor-element-9186eba eael-infobox-content-align--left eael-infobox-shape-square eael-infobox-hover-img-shape-square elementor-widget elementor-widget-eael-info-box\" data-id=\"9186eba\" data-element_type=\"widget\" data-widget_type=\"eael-info-box.default\">\n\t\t\t\t<div class=\"elementor-widget-container\">\n\t\t\t        <div class=\"eael-infobox icon-on-top\">\n\t            <div class=\"infobox-icon\">\n\n                            <img decoding=\"async\" src=\"https:\/\/etreshumainsprofessionnels.fr\/wp-content\/uploads\/2017\/11\/utoprocke_affiche.png\" alt=\"\">\n            \n            \n            \n        <\/div>\n            <div class=\"infobox-content\">\n                    <div class=\"infobox-title-section\">\n                <h2 class=\"title\">UTOP ROCK<\/h2>            <\/div>\n            <div><p>c\u00e9l\u00e8bre la rencontre entre le rock, musique rageuse et l&#8217;id\u00e9e bien vivante de la paix : utopie d&#8217;une r\u00e9volution.<\/p><p>Avec <strong>Michel Aymard<\/strong>\u00a0: chant<br \/><strong>Nicolas Fabre\u00a0:<\/strong> claviers, synth\u00e9s, programmations\u2026<\/p><p><strong>Musiques\u00a0:<\/strong> Led Zeppelin, Doors, Patti Smith, Beatles, Pink Floyd\u2026<\/p><\/div>        <div class=\"infobox-button\">\n            <a class=\"eael-infobox-button\" href=\"https:\/\/etreshumainsprofessionnels.fr\/index.php\/2020\/04\/22\/utop-rock\/\" target=\"_blank\">\n                                <span class=\"infobox-button-text\">La fiche du spectacle<\/span>\n                            <\/a>\n        <\/div>\n            <\/div>\n            <\/div>\n\n\t\t\t\t<\/div>\n\t\t\t\t<\/div>\n\t\t\t\t\t<\/div>\n\t\t<\/div>\n\t\t\t\t<div class=\"elementor-column elementor-col-33 elementor-top-column elementor-element elementor-element-7503646\" data-id=\"7503646\" data-element_type=\"column\">\n\t\t\t<div class=\"elementor-widget-wrap elementor-element-populated\">\n\t\t\t\t\t\t<div class=\"elementor-element elementor-element-13f9c3c eael-infobox-content-align--left eael-infobox-shape-square eael-infobox-hover-img-shape-square elementor-widget elementor-widget-eael-info-box\" data-id=\"13f9c3c\" data-element_type=\"widget\" data-widget_type=\"eael-info-box.default\">\n\t\t\t\t<div class=\"elementor-widget-container\">\n\t\t\t        <div class=\"eael-infobox icon-on-top\">\n\t            <div class=\"infobox-icon\">\n\n                            <img decoding=\"async\" src=\"https:\/\/etreshumainsprofessionnels.fr\/wp-content\/uploads\/2025\/06\/A_CAPPELLA_Michel_Aymard___Matthieu_Samadet-scaled.jpg\" alt=\"\">\n            \n            \n            \n        <\/div>\n            <div class=\"infobox-content\">\n                    <div class=\"infobox-title-section\">\n                <h2 class=\"title\">A CAPELLA<\/h2>            <\/div>\n            <div><p>nous rassemble autour de mots essentiels d\u00e9couverts devant nous par un ramasseur \/ cueilleur. Cet homme chante et joue. Et nous, on fait quoi devant ces mots essentiels\u00a0?<\/p><p>Avec <strong>Michel Aymard<\/strong>\u00a0: chant, jeu, percussions.<\/p><p><strong>Chansons\u00a0: <\/strong>\u00a0Higelin, Salif Keita, traditionnels islandais et am\u00e9ricains, Trenet<strong>, <\/strong>Fela, Quilapayun\u2026<br \/><strong>Textes\u00a0: <\/strong>Marguerite Duras, Fran\u00e7ois Cheng, Woody Guthrie, Arthur Rimbaud\u2026<\/p><\/div>        <div class=\"infobox-button\">\n            <a class=\"eael-infobox-button\" href=\"https:\/\/etreshumainsprofessionnels.fr\/index.php\/2021\/03\/22\/a-capella\/\" target=\"_blank\">\n                                <span class=\"infobox-button-text\">La fiche du spectacle<\/span>\n                            <\/a>\n        <\/div>\n            <\/div>\n            <\/div>\n\n\t\t\t\t<\/div>\n\t\t\t\t<\/div>\n\t\t\t\t\t<\/div>\n\t\t<\/div>\n\t\t\t\t\t<\/div>\n\t\t<\/section>\n\t\t\t\t<section class=\"elementor-section elementor-top-section elementor-element elementor-element-b382afe elementor-section-boxed elementor-section-height-default elementor-section-height-default\" data-id=\"b382afe\" data-element_type=\"section\">\n\t\t\t\t\t\t<div class=\"elementor-container elementor-column-gap-default\">\n\t\t\t\t\t<div class=\"elementor-column elementor-col-100 elementor-top-column elementor-element elementor-element-ff63761\" data-id=\"ff63761\" data-element_type=\"column\">\n\t\t\t<div class=\"elementor-widget-wrap elementor-element-populated\">\n\t\t\t\t\t\t<div class=\"elementor-element elementor-element-a030fcc elementor-widget-divider--view-line elementor-widget elementor-widget-divider\" data-id=\"a030fcc\" data-element_type=\"widget\" data-widget_type=\"divider.default\">\n\t\t\t\t<div class=\"elementor-widget-container\">\n\t\t\t\t\t<div class=\"elementor-divider\">\n\t\t\t<span class=\"elementor-divider-separator\">\n\t\t\t\t\t\t<\/span>\n\t\t<\/div>\n\t\t\t\t<\/div>\n\t\t\t\t<\/div>\n\t\t\t\t\t<\/div>\n\t\t<\/div>\n\t\t\t\t\t<\/div>\n\t\t<\/section>\n\t\t\t\t<section class=\"elementor-section elementor-top-section elementor-element elementor-element-b8c3ca0 elementor-section-boxed elementor-section-height-default elementor-section-height-default\" data-id=\"b8c3ca0\" data-element_type=\"section\">\n\t\t\t\t\t\t<div class=\"elementor-container elementor-column-gap-default\">\n\t\t\t\t\t<div class=\"elementor-column elementor-col-100 elementor-top-column elementor-element elementor-element-0e1f26f\" data-id=\"0e1f26f\" data-element_type=\"column\">\n\t\t\t<div class=\"elementor-widget-wrap elementor-element-populated\">\n\t\t\t\t\t\t<div class=\"elementor-element elementor-element-4f71e62 elementor-widget elementor-widget-heading\" data-id=\"4f71e62\" data-element_type=\"widget\" data-widget_type=\"heading.default\">\n\t\t\t\t<div class=\"elementor-widget-container\">\n\t\t\t<h2 class=\"elementor-heading-title elementor-size-default\">Les lectures musicales en duo<\/h2>\t\t<\/div>\n\t\t\t\t<\/div>\n\t\t\t\t\t<\/div>\n\t\t<\/div>\n\t\t\t\t\t<\/div>\n\t\t<\/section>\n\t\t\t\t<section class=\"elementor-section elementor-top-section elementor-element elementor-element-8aeff67 elementor-section-boxed elementor-section-height-default elementor-section-height-default\" data-id=\"8aeff67\" data-element_type=\"section\">\n\t\t\t\t\t\t<div class=\"elementor-container elementor-column-gap-default\">\n\t\t\t\t\t<div class=\"elementor-column elementor-col-100 elementor-top-column elementor-element elementor-element-acffa61\" data-id=\"acffa61\" data-element_type=\"column\">\n\t\t\t<div class=\"elementor-widget-wrap elementor-element-populated\">\n\t\t\t\t\t\t<div class=\"elementor-element elementor-element-6e37249 elementor-widget elementor-widget-text-editor\" data-id=\"6e37249\" data-element_type=\"widget\" data-widget_type=\"text-editor.default\">\n\t\t\t\t<div class=\"elementor-widget-container\">\n\t\t\t\t\t\t\t<p>Elles mettent en sc\u00e8ne un duo\u00a0: lecteur ou lectrice \/ musicien ou musicienne.<br \/><strong>Po\u00e9sie, roman th\u00e9\u00e2tre,<\/strong> nous proposons r\u00e9guli\u00e8rement des styles, des \u00e9poques, des endroits de la terre les plus diversifi\u00e9s possibles. Nous nous adressons \u00e0 tous les publics et bien s\u00fbr aux jeunes spectateurs.\u00a0 Les musiques dialoguent avec les litt\u00e9ratures en pr\u00e9sence.<\/p>\t\t\t\t\t\t<\/div>\n\t\t\t\t<\/div>\n\t\t\t\t\t<\/div>\n\t\t<\/div>\n\t\t\t\t\t<\/div>\n\t\t<\/section>\n\t\t\t\t<section class=\"elementor-section elementor-top-section elementor-element elementor-element-06fb5cc elementor-section-boxed elementor-section-height-default elementor-section-height-default\" data-id=\"06fb5cc\" data-element_type=\"section\">\n\t\t\t\t\t\t<div class=\"elementor-container elementor-column-gap-default\">\n\t\t\t\t\t<div class=\"elementor-column elementor-col-33 elementor-top-column elementor-element elementor-element-ac18dc1\" data-id=\"ac18dc1\" data-element_type=\"column\">\n\t\t\t<div class=\"elementor-widget-wrap elementor-element-populated\">\n\t\t\t\t\t\t<div class=\"elementor-element elementor-element-0e83660 eael-infobox-content-align--left eael-infobox-shape-square eael-infobox-hover-img-shape-square elementor-widget elementor-widget-eael-info-box\" data-id=\"0e83660\" data-element_type=\"widget\" data-widget_type=\"eael-info-box.default\">\n\t\t\t\t<div class=\"elementor-widget-container\">\n\t\t\t        <div class=\"eael-infobox icon-on-top\">\n\t            <div class=\"infobox-icon\">\n\n                            <img decoding=\"async\" src=\"https:\/\/etreshumainsprofessionnels.fr\/wp-content\/uploads\/2026\/02\/DSCF3686-1.jpg\" alt=\"\">\n            \n            \n            \n        <\/div>\n            <div class=\"infobox-content\">\n                    <div class=\"infobox-title-section\">\n                <h2 class=\"title\">SONIA, UNE ENQU\u00caTE MUSICALE<\/h2>            <\/div>\n            <div><p>Bertrand est tomb\u00e9 d\u2019un toit. Accident du travail. Sonia sa compagne se rel\u00e8ve. Retombe parfois. Quelque chose en elle tombe, tombe encore. Gr\u00e2ce \u00e0 ses morts elle revient \u00e0 la vie. A son droit. Et au droit de Bertrand. Le droit du travail. Gr\u00e2ce aux vivants aussi elle redevient vivante pour elles et eux : amours amis amies, et celles et ceux pour qui elle travaille. Sonia est biblioth\u00e9caire et fi\u00e8re de l\u2019\u00eatre.<\/p><p>Texte de Michel Aymard<\/p><p>Avec, en alternance : <strong>Michel Aymard <\/strong>(lecture) \/<strong> Lina Belaid <\/strong>(violoncelle)<\/p><p>ou <strong>Distribution en cours <\/strong>(lecture par une actrice)<strong> \/ Abdelhadi El Rharbi <\/strong>(Oud, guitare et chant)<\/p><p><strong>Musiques\u00a0:<\/strong> variations d\u2019apr\u00e8s les barricades myst\u00e9rieuses de Couperin.<\/p><p>Un podcast est associ\u00e9 \u00e0 cette lecture. R\u00e9alis\u00e9 par Pascal Nowak pour le blog ARTE RADIO, il fait entendre des entretiens r\u00e9alis\u00e9s avec des biblioth\u00e9caires et des professionnels du b\u00e2timent travaillant sur les toits.<\/p><\/div>        <div class=\"infobox-button\">\n            <a class=\"eael-infobox-button\">\n                                <span class=\"infobox-button-text\">Bient\u00f4t La fiche du spectacle<\/span>\n                            <\/a>\n        <\/div>\n            <\/div>\n            <\/div>\n\n\t\t\t\t<\/div>\n\t\t\t\t<\/div>\n\t\t\t\t\t<\/div>\n\t\t<\/div>\n\t\t\t\t<div class=\"elementor-column elementor-col-33 elementor-top-column elementor-element elementor-element-ec08d2f\" data-id=\"ec08d2f\" data-element_type=\"column\">\n\t\t\t<div class=\"elementor-widget-wrap elementor-element-populated\">\n\t\t\t\t\t\t<div class=\"elementor-element elementor-element-e374620 eael-infobox-content-align--left eael-infobox-shape-square eael-infobox-hover-img-shape-square elementor-widget elementor-widget-eael-info-box\" data-id=\"e374620\" data-element_type=\"widget\" data-widget_type=\"eael-info-box.default\">\n\t\t\t\t<div class=\"elementor-widget-container\">\n\t\t\t        <div class=\"eael-infobox icon-on-top\">\n\t            <div class=\"infobox-icon\">\n\n                            <img decoding=\"async\" src=\"https:\/\/etreshumainsprofessionnels.fr\/wp-content\/uploads\/2018\/10\/Sans-titre-1.jpg\" alt=\"\">\n            \n            \n            \n        <\/div>\n            <div class=\"infobox-content\">\n                    <div class=\"infobox-title-section\">\n                <h2 class=\"title\">LA BEAUT\u00c9, titre provisoire<\/h2>            <\/div>\n            <div><p>Textes de Fran\u00e7ois Cheng, Eug\u00e8ne Savytskaya, Mahmoud Darwich, Sylvie Neeman\u2026<\/p><p>\u00a0<\/p><p>Avec :\u00a0<strong>Michel Aymard <\/strong>(lecture)<strong> \/ Abdelhadi El Rharbi <\/strong>(Oud, guitare et chant)<\/p><p><strong>Musiques\u00a0:<\/strong> compositions d\u2019Abdelhadi El Rharbi, musiques rock et arabo andalouse.<\/p><\/div>        <div class=\"infobox-button\">\n            <a class=\"eael-infobox-button\">\n                                <span class=\"infobox-button-text\">Bient\u00f4t La fiche du spectacle<\/span>\n                            <\/a>\n        <\/div>\n            <\/div>\n            <\/div>\n\n\t\t\t\t<\/div>\n\t\t\t\t<\/div>\n\t\t\t\t\t<\/div>\n\t\t<\/div>\n\t\t\t\t<div class=\"elementor-column elementor-col-33 elementor-top-column elementor-element elementor-element-c4f88cc\" data-id=\"c4f88cc\" data-element_type=\"column\">\n\t\t\t<div class=\"elementor-widget-wrap\">\n\t\t\t\t\t\t\t<\/div>\n\t\t<\/div>\n\t\t\t\t\t<\/div>\n\t\t<\/section>\n\t\t\t\t<section class=\"elementor-section elementor-top-section elementor-element elementor-element-aabe11a elementor-section-boxed elementor-section-height-default elementor-section-height-default\" data-id=\"aabe11a\" data-element_type=\"section\">\n\t\t\t\t\t\t<div class=\"elementor-container elementor-column-gap-default\">\n\t\t\t\t\t<div class=\"elementor-column elementor-col-100 elementor-top-column elementor-element elementor-element-82d6113\" data-id=\"82d6113\" data-element_type=\"column\">\n\t\t\t<div class=\"elementor-widget-wrap elementor-element-populated\">\n\t\t\t\t\t\t<div class=\"elementor-element elementor-element-8b9c716 elementor-widget elementor-widget-spacer\" data-id=\"8b9c716\" data-element_type=\"widget\" data-widget_type=\"spacer.default\">\n\t\t\t\t<div class=\"elementor-widget-container\">\n\t\t\t\t\t<div class=\"elementor-spacer\">\n\t\t\t<div class=\"elementor-spacer-inner\"><\/div>\n\t\t<\/div>\n\t\t\t\t<\/div>\n\t\t\t\t<\/div>\n\t\t\t\t\t<\/div>\n\t\t<\/div>\n\t\t\t\t\t<\/div>\n\t\t<\/section>\n\t\t\t\t<\/div>\n\t\t","protected":false},"excerpt":{"rendered":"<p>NOS SPECTACLES Les histoires musicales chant\u00e9es Chacune de ces histoires revisite des musiques populaires en nous plongeant dans des th\u00e8mes de soci\u00e9t\u00e9.Pour de plus amples informations, vous pouvez contacter Michel au : \u00a006 19 94 38 22Prochaines dates STRUGGLE Comment peut-on appeler Struggle ? Road movie musical ? R\u00e9cital ? Tour de chant ? Concert &hellip;<\/p>\n<p class=\"read-more\"> <a class=\"\" href=\"https:\/\/etreshumainsprofessionnels.fr\/index.php\/spectacles-en-diffusion\/\"> <span class=\"screen-reader-text\">Les spectacles musicaux<\/span> Read More &raquo;<\/a><\/p>\n","protected":false},"author":1,"featured_media":0,"parent":0,"menu_order":0,"comment_status":"closed","ping_status":"closed","template":"elementor_header_footer","meta":{"site-sidebar-layout":"default","site-content-layout":"default","ast-global-header-display":"","ast-banner-title-visibility":"","ast-main-header-display":"","ast-hfb-above-header-display":"","ast-hfb-below-header-display":"","ast-hfb-mobile-header-display":"","site-post-title":"","ast-breadcrumbs-content":"","ast-featured-img":"","footer-sml-layout":"","theme-transparent-header-meta":"","adv-header-id-meta":"","stick-header-meta":"","header-above-stick-meta":"","header-main-stick-meta":"","header-below-stick-meta":""},"_links":{"self":[{"href":"https:\/\/etreshumainsprofessionnels.fr\/index.php\/wp-json\/wp\/v2\/pages\/188"}],"collection":[{"href":"https:\/\/etreshumainsprofessionnels.fr\/index.php\/wp-json\/wp\/v2\/pages"}],"about":[{"href":"https:\/\/etreshumainsprofessionnels.fr\/index.php\/wp-json\/wp\/v2\/types\/page"}],"author":[{"embeddable":true,"href":"https:\/\/etreshumainsprofessionnels.fr\/index.php\/wp-json\/wp\/v2\/users\/1"}],"replies":[{"embeddable":true,"href":"https:\/\/etreshumainsprofessionnels.fr\/index.php\/wp-json\/wp\/v2\/comments?post=188"}],"version-history":[{"count":212,"href":"https:\/\/etreshumainsprofessionnels.fr\/index.php\/wp-json\/wp\/v2\/pages\/188\/revisions"}],"predecessor-version":[{"id":3649,"href":"https:\/\/etreshumainsprofessionnels.fr\/index.php\/wp-json\/wp\/v2\/pages\/188\/revisions\/3649"}],"wp:attachment":[{"href":"https:\/\/etreshumainsprofessionnels.fr\/index.php\/wp-json\/wp\/v2\/media?parent=188"}],"curies":[{"name":"wp","href":"https:\/\/api.w.org\/{rel}","templated":true}]}}